{"id":5105,"date":"2021-08-31T10:50:39","date_gmt":"2021-08-31T08:50:39","guid":{"rendered":"https:\/\/derpsairer.it\/produkt\/gewuerztraminer-leiten\/"},"modified":"2026-01-09T16:40:04","modified_gmt":"2026-01-09T15:40:04","slug":"gewuerztraminer-leiten","status":"publish","type":"product","link":"https:\/\/derpsairer.it\/it\/produkt\/gewuerztraminer-leiten\/","title":{"rendered":"Gew\u00fcrztraminer Leiten \u2013 Intenso classico aromatico altoatesino di Nals Margreid"},"content":{"rendered":"<p data-start=\"138\" data-end=\"434\">Il Gew\u00fcrztraminer &#8220;Leiten&#8221; della <span class=\"hover:entity-accent entity-underline inline cursor-pointer align-baseline\"><span class=\"whitespace-normal\">Cantina Nals Margreid<\/span><\/span> \u00e8 sinonimo di pura aromaticit\u00e0, pienezza ed eleganza tipica della variet\u00e0. Cresciuto nella Bassa Atesina su terreni ghiaiosi argillosi calcarei, questo Gew\u00fcrztraminer sviluppa tutta la sua espressivit\u00e0 in un clima caldo e di tipo mediterraneo. <\/p>\n<p data-start=\"436\" data-end=\"1011\">Dopo un&#8217;accurata vendemmia manuale, le uve vengono pressate delicatamente e il mosto chiarificato viene fatto fermentare in serbatoi di acciaio inox. Un affinamento di cinque mesi sui lieviti fini conferisce al vino profondit\u00e0, armonia e struttura. Nel bicchiere, il &#8220;Leiten&#8221; si presenta in un intenso giallo paglierino. Il naso \u00e8 ricco e speziato, caratterizzato da fiori di rosa, chiodi di garofano, kiwi e sentori di frutta esotica. Al palato, il Gew\u00fcrztraminer si presenta rotondo, succoso e corposo, con un gioco aromatico, un fresco equilibrio e un lungo finale. Un vino bianco senza tempo per gli amanti dei vini espressivi e profumati.     <\/p>\n<p data-start=\"1018\" data-end=\"1056\"><strong data-start=\"1018\" data-end=\"1031\">Cantina:<\/strong><br data-start=\"1031\" data-end=\"1034\">Cantina Nals Margreid<\/p>\n<p data-start=\"1058\" data-end=\"1094\"><strong data-start=\"1058\" data-end=\"1071\">Vitigno:<\/strong><br data-start=\"1071\" data-end=\"1074\">100% Gew\u00fcrztraminer<\/p>\n<p data-start=\"1096\" data-end=\"1238\"><strong data-start=\"1096\" data-end=\"1117\">Abbinamenti:<\/strong><br data-start=\"1117\" data-end=\"1120\">Aperitivo, piatti di pesce, crostacei, cucina asiatica speziata, zuppa di crema di zucca, purea di ceci con gamberi<\/p>\n<p data-start=\"1240\" data-end=\"1370\"><strong data-start=\"1240\" data-end=\"1251\">Vinificazione:<\/strong><br data-start=\"1262\" data-end=\"1265\">Fermentazione del mosto limpido in serbatoi di acciaio inox (ca. 3 settimane)<br data-start=\"1326\" data-end=\"1329\">Affinamento sui lieviti fini per ca. 5 mesi<\/p>\n<p data-start=\"1372\" data-end=\"1407\"><strong data-start=\"1372\" data-end=\"1394\">Temperatura di servizio:<\/strong><br data-start=\"1394\" data-end=\"1397\">10 \u2013 12 \u00b0C<\/p>\n<p data-start=\"1409\" data-end=\"1434\"><strong data-start=\"1409\" data-end=\"1427\">Gradazione alcolica:<\/strong><br data-start=\"1427\" data-end=\"1430\">14 %<\/p>\n<p data-start=\"1436\" data-end=\"1456\"><strong data-start=\"1436\" data-end=\"1447\">Contenuto:<\/strong><br data-start=\"1447\" data-end=\"1450\">0,75 l<\/p>\n<p data-start=\"1458\" data-end=\"1592\"><strong data-start=\"1458\" data-end=\"1471\">Provenienza:<\/strong><br data-start=\"1471\" data-end=\"1474\">Alto Adige DOC<br data-start=\"1486\" data-end=\"1489\">Zona di coltivazione: Bassa Atesina<br data-start=\"1522\" data-end=\"1525\">Altitudine: 350 \u2013 550 m<br data-start=\"1547\" data-end=\"1550\">Terreni: Ghiaia argillosa profonda su calcare<\/p>\n<p data-start=\"1594\" data-end=\"1614\"><strong data-start=\"1594\" data-end=\"1614\">Contiene solfiti.<\/strong><\/p>\n","protected":false},"excerpt":{"rendered":"<ul>\n<li data-start=\"633\" data-end=\"675\">Gew\u00fcrztraminer aromatico dall&#8217;Alto Adige<\/li>\n<li data-start=\"678\" data-end=\"711\">Aromi di rose &amp; chiodi di garofano<\/li>\n<li data-start=\"714\" data-end=\"745\">Giallo oro, armonico &amp; corposo<\/li>\n<li data-start=\"748\" data-end=\"786\">Affinato cinque mesi in vasche d&#8217;acciaio inox<\/li>\n<li data-start=\"789\" data-end=\"833\">Vino bianco senza tempo con aromi intensi<\/li>\n<\/ul>\n","protected":false},"featured_media":5629,"template":"","meta":[],"product_brand":[],"product_cat":[188],"product_tag":[3003,3279,308,2033,2410,3361,3043,3223,2684],"class_list":{"0":"post-5105","1":"product","2":"type-product","3":"status-publish","4":"has-post-thumbnail","6":"product_cat-vino-distillati","7":"product_tag-acciaio-inox","8":"product_tag-alto-adige-doc","9":"product_tag-aperitivo","10":"product_tag-aromatico","11":"product_tag-corposo","12":"product_tag-gewuerztraminer-leiten","13":"product_tag-lievito-fine","14":"product_tag-nals-margreid","15":"product_tag-rose-2","17":"first","18":"instock","19":"taxable","20":"shipping-taxable","21":"purchasable","22":"product-type-simple"},"yoast_head":"<!-- This site is optimized with the Yoast SEO plugin v27.5 - https:\/\/yoast.com\/product\/yoast-seo-wordpress\/ -->\n<title>Gew\u00fcrztraminer Leiten \u2013 Intenso &amp; armonico dall&#039;Alto Adige - Der Psairer - Speck, Wurst, K\u00e4se<\/title>\n<meta name=\"description\" content=\"Gew\u00fcrztraminer Leiten \u2013 giallo oro brillante &amp; aromatico. Profumo di rose &amp; chiodi di garofano, pieno, armonico &amp; persistente al gusto.\" \/>\n<meta name=\"robots\" content=\"index, follow, max-snippet:-1, max-image-preview:large, max-video-preview:-1\" \/>\n<link rel=\"canonical\" href=\"https:\/\/derpsairer.it\/it\/produkt\/gewuerztraminer-leiten\/\" \/>\n<meta property=\"og:locale\" content=\"it_IT\" \/>\n<meta property=\"og:type\" content=\"article\" \/>\n<meta property=\"og:title\" content=\"Gew\u00fcrztraminer Leiten \u2013 Intenso &amp; armonico dall&#039;Alto Adige - Der Psairer - Speck, Wurst, K\u00e4se\" \/>\n<meta property=\"og:description\" content=\"Gew\u00fcrztraminer Leiten \u2013 giallo oro brillante &amp; aromatico. Profumo di rose &amp; chiodi di garofano, pieno, armonico &amp; persistente al gusto.\" \/>\n<meta property=\"og:url\" content=\"https:\/\/derpsairer.it\/it\/produkt\/gewuerztraminer-leiten\/\" \/>\n<meta property=\"og:site_name\" content=\"Der Psairer - Speck, Wurst, K\u00e4se\" \/>\n<meta property=\"article:publisher\" content=\"https:\/\/www.facebook.com\/profile.php?id=100063648246860\" \/>\n<meta property=\"article:modified_time\" content=\"2026-01-09T15:40:04+00:00\" \/>\n<meta property=\"og:image\" content=\"https:\/\/derpsairer.it\/wp-22\/wp-content\/uploads\/2021\/08\/Nals-Margreid-Leiten.jpg\" \/>\n\t<meta property=\"og:image:width\" content=\"800\" \/>\n\t<meta property=\"og:image:height\" content=\"800\" \/>\n\t<meta property=\"og:image:type\" content=\"image\/jpeg\" \/>\n<meta name=\"twitter:label1\" content=\"Tempo di lettura stimato\" \/>\n\t<meta name=\"twitter:data1\" content=\"1 minute\" \/>\n<script type=\"application\/ld+json\" class=\"yoast-schema-graph\">{\"@context\":\"https:\\\/\\\/schema.org\",\"@graph\":[{\"@type\":\"WebPage\",\"@id\":\"https:\\\/\\\/derpsairer.it\\\/it\\\/produkt\\\/gewuerztraminer-leiten\\\/\",\"url\":\"https:\\\/\\\/derpsairer.it\\\/it\\\/produkt\\\/gewuerztraminer-leiten\\\/\",\"name\":\"Gew\u00fcrztraminer Leiten \u2013 Intenso & armonico dall'Alto Adige - Der Psairer - Speck, Wurst, K\u00e4se\",\"isPartOf\":{\"@id\":\"https:\\\/\\\/derpsairer.it\\\/it\\\/#website\"},\"primaryImageOfPage\":{\"@id\":\"https:\\\/\\\/derpsairer.it\\\/it\\\/produkt\\\/gewuerztraminer-leiten\\\/#primaryimage\"},\"image\":{\"@id\":\"https:\\\/\\\/derpsairer.it\\\/it\\\/produkt\\\/gewuerztraminer-leiten\\\/#primaryimage\"},\"thumbnailUrl\":\"https:\\\/\\\/derpsairer.it\\\/wp-22\\\/wp-content\\\/uploads\\\/2021\\\/08\\\/Nals-Margreid-Leiten.jpg\",\"datePublished\":\"2021-08-31T08:50:39+00:00\",\"dateModified\":\"2026-01-09T15:40:04+00:00\",\"description\":\"Gew\u00fcrztraminer Leiten \u2013 giallo oro brillante & aromatico. Profumo di rose & chiodi di garofano, pieno, armonico & persistente al gusto.\",\"breadcrumb\":{\"@id\":\"https:\\\/\\\/derpsairer.it\\\/it\\\/produkt\\\/gewuerztraminer-leiten\\\/#breadcrumb\"},\"inLanguage\":\"it-IT\",\"potentialAction\":[{\"@type\":\"ReadAction\",\"target\":[\"https:\\\/\\\/derpsairer.it\\\/it\\\/produkt\\\/gewuerztraminer-leiten\\\/\"]}]},{\"@type\":\"ImageObject\",\"inLanguage\":\"it-IT\",\"@id\":\"https:\\\/\\\/derpsairer.it\\\/it\\\/produkt\\\/gewuerztraminer-leiten\\\/#primaryimage\",\"url\":\"https:\\\/\\\/derpsairer.it\\\/wp-22\\\/wp-content\\\/uploads\\\/2021\\\/08\\\/Nals-Margreid-Leiten.jpg\",\"contentUrl\":\"https:\\\/\\\/derpsairer.it\\\/wp-22\\\/wp-content\\\/uploads\\\/2021\\\/08\\\/Nals-Margreid-Leiten.jpg\",\"width\":800,\"height\":800},{\"@type\":\"BreadcrumbList\",\"@id\":\"https:\\\/\\\/derpsairer.it\\\/it\\\/produkt\\\/gewuerztraminer-leiten\\\/#breadcrumb\",\"itemListElement\":[{\"@type\":\"ListItem\",\"position\":1,\"name\":\"Home\",\"item\":\"https:\\\/\\\/derpsairer.it\\\/it\\\/il-negozio-di-speck-der-psairer\\\/\"},{\"@type\":\"ListItem\",\"position\":2,\"name\":\"Shop\",\"item\":\"https:\\\/\\\/derpsairer.it\\\/shop\\\/\"},{\"@type\":\"ListItem\",\"position\":3,\"name\":\"Gew\u00fcrztraminer Leiten \u2013 Intenso classico aromatico altoatesino di Nals Margreid\"}]},{\"@type\":\"WebSite\",\"@id\":\"https:\\\/\\\/derpsairer.it\\\/it\\\/#website\",\"url\":\"https:\\\/\\\/derpsairer.it\\\/it\\\/\",\"name\":\"Der Psairer - Speck, Wurst, K\u00e4se\",\"description\":\"Speck, Wurst und K\u00e4s aus Passeiertal in S\u00fcdtirol online bestellen.\",\"publisher\":{\"@id\":\"https:\\\/\\\/derpsairer.it\\\/it\\\/#organization\"},\"potentialAction\":[{\"@type\":\"SearchAction\",\"target\":{\"@type\":\"EntryPoint\",\"urlTemplate\":\"https:\\\/\\\/derpsairer.it\\\/it\\\/?s={search_term_string}\"},\"query-input\":{\"@type\":\"PropertyValueSpecification\",\"valueRequired\":true,\"valueName\":\"search_term_string\"}}],\"inLanguage\":\"it-IT\"},{\"@type\":\"Organization\",\"@id\":\"https:\\\/\\\/derpsairer.it\\\/it\\\/#organization\",\"name\":\"Der Psairer - Speck, Wurst, K\u00e4se\",\"url\":\"https:\\\/\\\/derpsairer.it\\\/it\\\/\",\"logo\":{\"@type\":\"ImageObject\",\"inLanguage\":\"it-IT\",\"@id\":\"https:\\\/\\\/derpsairer.it\\\/it\\\/#\\\/schema\\\/logo\\\/image\\\/\",\"url\":\"https:\\\/\\\/derpsairer.it\\\/wp-22\\\/wp-content\\\/uploads\\\/2020\\\/03\\\/DER-PSAIRER-LOGO-2x.png\",\"contentUrl\":\"https:\\\/\\\/derpsairer.it\\\/wp-22\\\/wp-content\\\/uploads\\\/2020\\\/03\\\/DER-PSAIRER-LOGO-2x.png\",\"width\":500,\"height\":500,\"caption\":\"Der Psairer - Speck, Wurst, K\u00e4se\"},\"image\":{\"@id\":\"https:\\\/\\\/derpsairer.it\\\/it\\\/#\\\/schema\\\/logo\\\/image\\\/\"},\"sameAs\":[\"https:\\\/\\\/www.facebook.com\\\/profile.php?id=100063648246860\"]}]}<\/script>\n<!-- \/ Yoast SEO plugin. -->","yoast_head_json":{"title":"Gew\u00fcrztraminer Leiten \u2013 Intenso & armonico dall'Alto Adige - Der Psairer - Speck, Wurst, K\u00e4se","description":"Gew\u00fcrztraminer Leiten \u2013 giallo oro brillante & aromatico. Profumo di rose & chiodi di garofano, pieno, armonico & persistente al gusto.","robots":{"index":"index","follow":"follow","max-snippet":"max-snippet:-1","max-image-preview":"max-image-preview:large","max-video-preview":"max-video-preview:-1"},"canonical":"https:\/\/derpsairer.it\/it\/produkt\/gewuerztraminer-leiten\/","og_locale":"it_IT","og_type":"article","og_title":"Gew\u00fcrztraminer Leiten \u2013 Intenso & armonico dall'Alto Adige - Der Psairer - Speck, Wurst, K\u00e4se","og_description":"Gew\u00fcrztraminer Leiten \u2013 giallo oro brillante & aromatico. Profumo di rose & chiodi di garofano, pieno, armonico & persistente al gusto.","og_url":"https:\/\/derpsairer.it\/it\/produkt\/gewuerztraminer-leiten\/","og_site_name":"Der Psairer - Speck, Wurst, K\u00e4se","article_publisher":"https:\/\/www.facebook.com\/profile.php?id=100063648246860","article_modified_time":"2026-01-09T15:40:04+00:00","og_image":[{"width":800,"height":800,"url":"https:\/\/derpsairer.it\/wp-22\/wp-content\/uploads\/2021\/08\/Nals-Margreid-Leiten.jpg","type":"image\/jpeg"}],"twitter_misc":{"Tempo di lettura stimato":"1 minute"},"schema":{"@context":"https:\/\/schema.org","@graph":[{"@type":"WebPage","@id":"https:\/\/derpsairer.it\/it\/produkt\/gewuerztraminer-leiten\/","url":"https:\/\/derpsairer.it\/it\/produkt\/gewuerztraminer-leiten\/","name":"Gew\u00fcrztraminer Leiten \u2013 Intenso & armonico dall'Alto Adige - Der Psairer - Speck, Wurst, K\u00e4se","isPartOf":{"@id":"https:\/\/derpsairer.it\/it\/#website"},"primaryImageOfPage":{"@id":"https:\/\/derpsairer.it\/it\/produkt\/gewuerztraminer-leiten\/#primaryimage"},"image":{"@id":"https:\/\/derpsairer.it\/it\/produkt\/gewuerztraminer-leiten\/#primaryimage"},"thumbnailUrl":"https:\/\/derpsairer.it\/wp-22\/wp-content\/uploads\/2021\/08\/Nals-Margreid-Leiten.jpg","datePublished":"2021-08-31T08:50:39+00:00","dateModified":"2026-01-09T15:40:04+00:00","description":"Gew\u00fcrztraminer Leiten \u2013 giallo oro brillante & aromatico. Profumo di rose & chiodi di garofano, pieno, armonico & persistente al gusto.","breadcrumb":{"@id":"https:\/\/derpsairer.it\/it\/produkt\/gewuerztraminer-leiten\/#breadcrumb"},"inLanguage":"it-IT","potentialAction":[{"@type":"ReadAction","target":["https:\/\/derpsairer.it\/it\/produkt\/gewuerztraminer-leiten\/"]}]},{"@type":"ImageObject","inLanguage":"it-IT","@id":"https:\/\/derpsairer.it\/it\/produkt\/gewuerztraminer-leiten\/#primaryimage","url":"https:\/\/derpsairer.it\/wp-22\/wp-content\/uploads\/2021\/08\/Nals-Margreid-Leiten.jpg","contentUrl":"https:\/\/derpsairer.it\/wp-22\/wp-content\/uploads\/2021\/08\/Nals-Margreid-Leiten.jpg","width":800,"height":800},{"@type":"BreadcrumbList","@id":"https:\/\/derpsairer.it\/it\/produkt\/gewuerztraminer-leiten\/#breadcrumb","itemListElement":[{"@type":"ListItem","position":1,"name":"Home","item":"https:\/\/derpsairer.it\/it\/il-negozio-di-speck-der-psairer\/"},{"@type":"ListItem","position":2,"name":"Shop","item":"https:\/\/derpsairer.it\/shop\/"},{"@type":"ListItem","position":3,"name":"Gew\u00fcrztraminer Leiten \u2013 Intenso classico aromatico altoatesino di Nals Margreid"}]},{"@type":"WebSite","@id":"https:\/\/derpsairer.it\/it\/#website","url":"https:\/\/derpsairer.it\/it\/","name":"Der Psairer - Speck, Wurst, K\u00e4se","description":"Speck, Wurst und K\u00e4s aus Passeiertal in S\u00fcdtirol online bestellen.","publisher":{"@id":"https:\/\/derpsairer.it\/it\/#organization"},"potentialAction":[{"@type":"SearchAction","target":{"@type":"EntryPoint","urlTemplate":"https:\/\/derpsairer.it\/it\/?s={search_term_string}"},"query-input":{"@type":"PropertyValueSpecification","valueRequired":true,"valueName":"search_term_string"}}],"inLanguage":"it-IT"},{"@type":"Organization","@id":"https:\/\/derpsairer.it\/it\/#organization","name":"Der Psairer - Speck, Wurst, K\u00e4se","url":"https:\/\/derpsairer.it\/it\/","logo":{"@type":"ImageObject","inLanguage":"it-IT","@id":"https:\/\/derpsairer.it\/it\/#\/schema\/logo\/image\/","url":"https:\/\/derpsairer.it\/wp-22\/wp-content\/uploads\/2020\/03\/DER-PSAIRER-LOGO-2x.png","contentUrl":"https:\/\/derpsairer.it\/wp-22\/wp-content\/uploads\/2020\/03\/DER-PSAIRER-LOGO-2x.png","width":500,"height":500,"caption":"Der Psairer - Speck, Wurst, K\u00e4se"},"image":{"@id":"https:\/\/derpsairer.it\/it\/#\/schema\/logo\/image\/"},"sameAs":["https:\/\/www.facebook.com\/profile.php?id=100063648246860"]}]}},"_links":{"self":[{"href":"https:\/\/derpsairer.it\/it\/wp-json\/wp\/v2\/product\/5105","targetHints":{"allow":["GET"]}}],"collection":[{"href":"https:\/\/derpsairer.it\/it\/wp-json\/wp\/v2\/product"}],"about":[{"href":"https:\/\/derpsairer.it\/it\/wp-json\/wp\/v2\/types\/product"}],"wp:featuredmedia":[{"embeddable":true,"href":"https:\/\/derpsairer.it\/it\/wp-json\/wp\/v2\/media\/5629"}],"wp:attachment":[{"href":"https:\/\/derpsairer.it\/it\/wp-json\/wp\/v2\/media?parent=5105"}],"wp:term":[{"taxonomy":"product_brand","embeddable":true,"href":"https:\/\/derpsairer.it\/it\/wp-json\/wp\/v2\/product_brand?post=5105"},{"taxonomy":"product_cat","embeddable":true,"href":"https:\/\/derpsairer.it\/it\/wp-json\/wp\/v2\/product_cat?post=5105"},{"taxonomy":"product_tag","embeddable":true,"href":"https:\/\/derpsairer.it\/it\/wp-json\/wp\/v2\/product_tag?post=5105"}],"curies":[{"name":"wp","href":"https:\/\/api.w.org\/{rel}","templated":true}]}}