{"id":5150,"date":"2021-08-31T15:31:04","date_gmt":"2021-08-31T13:31:04","guid":{"rendered":"https:\/\/derpsairer.it\/produkt\/lagrein-cantina-bolzano\/"},"modified":"2026-01-07T11:18:22","modified_gmt":"2026-01-07T10:18:22","slug":"lagrein-cantina-bolzano","status":"publish","type":"product","link":"https:\/\/derpsairer.it\/it\/produkt\/lagrein-cantina-bolzano\/","title":{"rendered":"Lagrein Kellerei Bozen \u2013 Lagrein tipico di Gries"},"content":{"rendered":"[vc_row type=&#8221;in_container&#8221; full_screen_row_position=&#8221;middle&#8221; column_margin=&#8221;default&#8221; column_direction=&#8221;default&#8221; column_direction_tablet=&#8221;default&#8221; column_direction_phone=&#8221;default&#8221; scene_position=&#8221;center&#8221; text_color=&#8221;dark&#8221; text_align=&#8221;left&#8221; row_border_radius=&#8221;none&#8221; row_border_radius_applies=&#8221;bg&#8221; overflow=&#8221;visible&#8221; overlay_strength=&#8221;0.3&#8243; gradient_direction=&#8221;left_to_right&#8221; shape_divider_position=&#8221;bottom&#8221; bg_image_animation=&#8221;none&#8221;][vc_column column_padding=&#8221;no-extra-padding&#8221; column_padding_tablet=&#8221;inherit&#8221; column_padding_phone=&#8221;inherit&#8221; column_padding_position=&#8221;all&#8221; column_element_direction_desktop=&#8221;default&#8221; column_element_spacing=&#8221;default&#8221; desktop_text_alignment=&#8221;default&#8221; tablet_text_alignment=&#8221;default&#8221; phone_text_alignment=&#8221;default&#8221; background_color_opacity=&#8221;1&#8243; background_hover_color_opacity=&#8221;1&#8243; column_backdrop_filter=&#8221;none&#8221; column_shadow=&#8221;none&#8221; column_border_radius=&#8221;none&#8221; column_link_target=&#8221;_self&#8221; column_position=&#8221;default&#8221; gradient_direction=&#8221;left_to_right&#8221; overlay_strength=&#8221;0.3&#8243; width=&#8221;1\/1&#8243; tablet_width_inherit=&#8221;default&#8221; animation_type=&#8221;default&#8221; bg_image_animation=&#8221;none&#8221; border_type=&#8221;simple&#8221; column_border_width=&#8221;none&#8221; column_border_style=&#8221;solid&#8221;][vc_column_text text_direction=&#8221;default&#8221;]\n<p data-start=\"134\" data-end=\"669\">Il Lagrein della <span class=\"hover:entity-accent entity-underline inline cursor-pointer align-baseline\"><span class=\"whitespace-normal\">Kellerei Bozen<\/span><\/span> \u00e8 un autentico vino rosso altoatesino, prodotto con l&#8217;omonimo vitigno autoctono, che trova le condizioni ideali nella conca di Bolzano, soprattutto a Gries. Dopo l&#8217;affinamento in acciaio inox e un breve periodo di affinamento in bottiglia, il vino si presenta con un colore rosso rubino intenso e riflessi violacei scuri.<br data-start=\"513\" data-end=\"516\">Al palato si rivela corposo, fruttato e vellutato, equilibrato e tipico del Lagrein: un classico affidabile della cultura vinicola altoatesina. <\/p>\n<p data-start=\"671\" data-end=\"701\"><strong data-start=\"671\" data-end=\"684\">Cantina:<\/strong><br data-start=\"684\" data-end=\"687\">Kellerei Bozen<\/p>\n<p data-start=\"703\" data-end=\"726\"><strong data-start=\"703\" data-end=\"716\">Vitigno:<\/strong><br data-start=\"716\" data-end=\"719\">Lagrein<\/p>\n<p data-start=\"728\" data-end=\"771\"><strong data-start=\"728\" data-end=\"744\">Zona di coltivazione:<\/strong><br data-start=\"744\" data-end=\"747\">Gries \/ Bolzano (Alto Adige)<\/p>\n<p data-start=\"773\" data-end=\"821\"><strong data-start=\"773\" data-end=\"784\">Affinamento:<\/strong><br data-start=\"784\" data-end=\"787\">Acciaio inox, breve affinamento in bottiglia<\/p>\n<p data-start=\"823\" data-end=\"890\"><strong data-start=\"823\" data-end=\"844\">Abbinamenti consigliati:<\/strong><br data-start=\"844\" data-end=\"847\">Speck e salumi, piatti di carne, selvaggina<\/p>\n<p data-start=\"892\" data-end=\"927\"><strong data-start=\"892\" data-end=\"914\">Temperatura di servizio:<\/strong><br data-start=\"914\" data-end=\"917\">14 \u2013 16 \u00b0C<\/p>\n<p data-start=\"929\" data-end=\"961\"><strong data-start=\"929\" data-end=\"947\">Gradazione alcolica:<\/strong><br data-start=\"947\" data-end=\"950\">12,5 % vol.<\/p>\n<p data-start=\"963\" data-end=\"983\"><strong data-start=\"963\" data-end=\"974\">Contenuto:<\/strong><br data-start=\"974\" data-end=\"977\">0,75 l<\/p>\n<p data-start=\"985\" data-end=\"1017\"><strong>Contiene solfiti<\/strong><\/p>\n[\/vc_column_text][\/vc_column][\/vc_row]\n","protected":false},"excerpt":{"rendered":"<p>\u2022 Lagrein tipico di Gries\/Bolzano<br data-start=\"992\" data-end=\"995\">\u2022 Rosso rubino intenso con riflessi violacei<br data-start=\"1035\" data-end=\"1038\">\u2022 Corposo, fruttato e vellutato<br data-start=\"1068\" data-end=\"1071\">\u2022 Affinamento in acciaio inox<br data-start=\"1096\" data-end=\"1099\">\u2022 Ideale con speck, salumi e selvaggina<\/p>\n","protected":false},"featured_media":5151,"template":"","meta":[],"product_brand":[],"product_cat":[188],"product_tag":[3003,2606,2770,3879,3918,2189,3075,1391,1798,2309,2628,2360,2059],"class_list":{"0":"post-5150","1":"product","2":"type-product","3":"status-publish","4":"has-post-thumbnail","6":"product_cat-vino-distillati","7":"product_tag-acciaio-inox","8":"product_tag-cantina-bolzano","9":"product_tag-classico","10":"product_tag-con-salsiccia","11":"product_tag-con-selvaggina","12":"product_tag-fruttato","13":"product_tag-gries","14":"product_tag-lagrein","15":"product_tag-per-carne","16":"product_tag-secco","17":"product_tag-vellutato","18":"product_tag-vino-da-tavola-3","19":"product_tag-vino-rosso-altoatesino-2","21":"first","22":"instock","23":"taxable","24":"shipping-taxable","25":"purchasable","26":"product-type-simple"},"yoast_head":"<!-- This site is optimized with the Yoast SEO plugin v27.5 - https:\/\/yoast.com\/product\/yoast-seo-wordpress\/ -->\n<title>Lagrein Cantina Bolzano \u2013 Robusto &amp; tipico Alto Adige - Der Psairer - Speck, Wurst, K\u00e4se<\/title>\n<meta name=\"description\" content=\"Lagrein Cantina Bolzano \u2013 vino rosso robusto dell&#039;Alto Adige. Rosso rubino scuro, fruttato &amp; vellutato al gusto. Autentico &amp; tradizionale.\" \/>\n<meta name=\"robots\" content=\"index, follow, max-snippet:-1, max-image-preview:large, max-video-preview:-1\" \/>\n<link rel=\"canonical\" href=\"https:\/\/derpsairer.it\/it\/produkt\/lagrein-cantina-bolzano\/\" \/>\n<meta property=\"og:locale\" content=\"it_IT\" \/>\n<meta property=\"og:type\" content=\"article\" \/>\n<meta property=\"og:title\" content=\"Lagrein Cantina Bolzano \u2013 Robusto &amp; tipico Alto Adige - Der Psairer - Speck, Wurst, K\u00e4se\" \/>\n<meta property=\"og:description\" content=\"Lagrein Cantina Bolzano \u2013 vino rosso robusto dell&#039;Alto Adige. Rosso rubino scuro, fruttato &amp; vellutato al gusto. Autentico &amp; tradizionale.\" \/>\n<meta property=\"og:url\" content=\"https:\/\/derpsairer.it\/it\/produkt\/lagrein-cantina-bolzano\/\" \/>\n<meta property=\"og:site_name\" content=\"Der Psairer - Speck, Wurst, K\u00e4se\" \/>\n<meta property=\"article:publisher\" content=\"https:\/\/www.facebook.com\/profile.php?id=100063648246860\" \/>\n<meta property=\"article:modified_time\" content=\"2026-01-07T10:18:22+00:00\" \/>\n<meta property=\"og:image\" content=\"https:\/\/derpsairer.it\/wp-22\/wp-content\/uploads\/2021\/08\/Lagrein-Bozen.jpg\" \/>\n\t<meta property=\"og:image:width\" content=\"800\" \/>\n\t<meta property=\"og:image:height\" content=\"800\" \/>\n\t<meta property=\"og:image:type\" content=\"image\/jpeg\" \/>\n<meta name=\"twitter:label1\" content=\"Tempo di lettura stimato\" \/>\n\t<meta name=\"twitter:data1\" content=\"1 minute\" \/>\n<script type=\"application\/ld+json\" class=\"yoast-schema-graph\">{\"@context\":\"https:\\\/\\\/schema.org\",\"@graph\":[{\"@type\":\"WebPage\",\"@id\":\"https:\\\/\\\/derpsairer.it\\\/it\\\/produkt\\\/lagrein-cantina-bolzano\\\/\",\"url\":\"https:\\\/\\\/derpsairer.it\\\/it\\\/produkt\\\/lagrein-cantina-bolzano\\\/\",\"name\":\"Lagrein Cantina Bolzano \u2013 Robusto & tipico Alto Adige - Der Psairer - Speck, Wurst, K\u00e4se\",\"isPartOf\":{\"@id\":\"https:\\\/\\\/derpsairer.it\\\/it\\\/#website\"},\"primaryImageOfPage\":{\"@id\":\"https:\\\/\\\/derpsairer.it\\\/it\\\/produkt\\\/lagrein-cantina-bolzano\\\/#primaryimage\"},\"image\":{\"@id\":\"https:\\\/\\\/derpsairer.it\\\/it\\\/produkt\\\/lagrein-cantina-bolzano\\\/#primaryimage\"},\"thumbnailUrl\":\"https:\\\/\\\/derpsairer.it\\\/wp-22\\\/wp-content\\\/uploads\\\/2021\\\/08\\\/Lagrein-Bozen.jpg\",\"datePublished\":\"2021-08-31T13:31:04+00:00\",\"dateModified\":\"2026-01-07T10:18:22+00:00\",\"description\":\"Lagrein Cantina Bolzano \u2013 vino rosso robusto dell'Alto Adige. Rosso rubino scuro, fruttato & vellutato al gusto. Autentico & tradizionale.\",\"breadcrumb\":{\"@id\":\"https:\\\/\\\/derpsairer.it\\\/it\\\/produkt\\\/lagrein-cantina-bolzano\\\/#breadcrumb\"},\"inLanguage\":\"it-IT\",\"potentialAction\":[{\"@type\":\"ReadAction\",\"target\":[\"https:\\\/\\\/derpsairer.it\\\/it\\\/produkt\\\/lagrein-cantina-bolzano\\\/\"]}]},{\"@type\":\"ImageObject\",\"inLanguage\":\"it-IT\",\"@id\":\"https:\\\/\\\/derpsairer.it\\\/it\\\/produkt\\\/lagrein-cantina-bolzano\\\/#primaryimage\",\"url\":\"https:\\\/\\\/derpsairer.it\\\/wp-22\\\/wp-content\\\/uploads\\\/2021\\\/08\\\/Lagrein-Bozen.jpg\",\"contentUrl\":\"https:\\\/\\\/derpsairer.it\\\/wp-22\\\/wp-content\\\/uploads\\\/2021\\\/08\\\/Lagrein-Bozen.jpg\",\"width\":800,\"height\":800},{\"@type\":\"BreadcrumbList\",\"@id\":\"https:\\\/\\\/derpsairer.it\\\/it\\\/produkt\\\/lagrein-cantina-bolzano\\\/#breadcrumb\",\"itemListElement\":[{\"@type\":\"ListItem\",\"position\":1,\"name\":\"Home\",\"item\":\"https:\\\/\\\/derpsairer.it\\\/it\\\/il-negozio-di-speck-der-psairer\\\/\"},{\"@type\":\"ListItem\",\"position\":2,\"name\":\"Shop\",\"item\":\"https:\\\/\\\/derpsairer.it\\\/shop\\\/\"},{\"@type\":\"ListItem\",\"position\":3,\"name\":\"Lagrein Kellerei Bozen \u2013 Lagrein tipico di Gries\"}]},{\"@type\":\"WebSite\",\"@id\":\"https:\\\/\\\/derpsairer.it\\\/it\\\/#website\",\"url\":\"https:\\\/\\\/derpsairer.it\\\/it\\\/\",\"name\":\"Der Psairer - Speck, Wurst, K\u00e4se\",\"description\":\"Speck, Wurst und K\u00e4s aus Passeiertal in S\u00fcdtirol online bestellen.\",\"publisher\":{\"@id\":\"https:\\\/\\\/derpsairer.it\\\/it\\\/#organization\"},\"potentialAction\":[{\"@type\":\"SearchAction\",\"target\":{\"@type\":\"EntryPoint\",\"urlTemplate\":\"https:\\\/\\\/derpsairer.it\\\/it\\\/?s={search_term_string}\"},\"query-input\":{\"@type\":\"PropertyValueSpecification\",\"valueRequired\":true,\"valueName\":\"search_term_string\"}}],\"inLanguage\":\"it-IT\"},{\"@type\":\"Organization\",\"@id\":\"https:\\\/\\\/derpsairer.it\\\/it\\\/#organization\",\"name\":\"Der Psairer - Speck, Wurst, K\u00e4se\",\"url\":\"https:\\\/\\\/derpsairer.it\\\/it\\\/\",\"logo\":{\"@type\":\"ImageObject\",\"inLanguage\":\"it-IT\",\"@id\":\"https:\\\/\\\/derpsairer.it\\\/it\\\/#\\\/schema\\\/logo\\\/image\\\/\",\"url\":\"https:\\\/\\\/derpsairer.it\\\/wp-22\\\/wp-content\\\/uploads\\\/2020\\\/03\\\/DER-PSAIRER-LOGO-2x.png\",\"contentUrl\":\"https:\\\/\\\/derpsairer.it\\\/wp-22\\\/wp-content\\\/uploads\\\/2020\\\/03\\\/DER-PSAIRER-LOGO-2x.png\",\"width\":500,\"height\":500,\"caption\":\"Der Psairer - Speck, Wurst, K\u00e4se\"},\"image\":{\"@id\":\"https:\\\/\\\/derpsairer.it\\\/it\\\/#\\\/schema\\\/logo\\\/image\\\/\"},\"sameAs\":[\"https:\\\/\\\/www.facebook.com\\\/profile.php?id=100063648246860\"]}]}<\/script>\n<!-- \/ Yoast SEO plugin. -->","yoast_head_json":{"title":"Lagrein Cantina Bolzano \u2013 Robusto & tipico Alto Adige - Der Psairer - Speck, Wurst, K\u00e4se","description":"Lagrein Cantina Bolzano \u2013 vino rosso robusto dell'Alto Adige. Rosso rubino scuro, fruttato & vellutato al gusto. Autentico & tradizionale.","robots":{"index":"index","follow":"follow","max-snippet":"max-snippet:-1","max-image-preview":"max-image-preview:large","max-video-preview":"max-video-preview:-1"},"canonical":"https:\/\/derpsairer.it\/it\/produkt\/lagrein-cantina-bolzano\/","og_locale":"it_IT","og_type":"article","og_title":"Lagrein Cantina Bolzano \u2013 Robusto & tipico Alto Adige - Der Psairer - Speck, Wurst, K\u00e4se","og_description":"Lagrein Cantina Bolzano \u2013 vino rosso robusto dell'Alto Adige. Rosso rubino scuro, fruttato & vellutato al gusto. Autentico & tradizionale.","og_url":"https:\/\/derpsairer.it\/it\/produkt\/lagrein-cantina-bolzano\/","og_site_name":"Der Psairer - Speck, Wurst, K\u00e4se","article_publisher":"https:\/\/www.facebook.com\/profile.php?id=100063648246860","article_modified_time":"2026-01-07T10:18:22+00:00","og_image":[{"width":800,"height":800,"url":"https:\/\/derpsairer.it\/wp-22\/wp-content\/uploads\/2021\/08\/Lagrein-Bozen.jpg","type":"image\/jpeg"}],"twitter_misc":{"Tempo di lettura stimato":"1 minute"},"schema":{"@context":"https:\/\/schema.org","@graph":[{"@type":"WebPage","@id":"https:\/\/derpsairer.it\/it\/produkt\/lagrein-cantina-bolzano\/","url":"https:\/\/derpsairer.it\/it\/produkt\/lagrein-cantina-bolzano\/","name":"Lagrein Cantina Bolzano \u2013 Robusto & tipico Alto Adige - Der Psairer - Speck, Wurst, K\u00e4se","isPartOf":{"@id":"https:\/\/derpsairer.it\/it\/#website"},"primaryImageOfPage":{"@id":"https:\/\/derpsairer.it\/it\/produkt\/lagrein-cantina-bolzano\/#primaryimage"},"image":{"@id":"https:\/\/derpsairer.it\/it\/produkt\/lagrein-cantina-bolzano\/#primaryimage"},"thumbnailUrl":"https:\/\/derpsairer.it\/wp-22\/wp-content\/uploads\/2021\/08\/Lagrein-Bozen.jpg","datePublished":"2021-08-31T13:31:04+00:00","dateModified":"2026-01-07T10:18:22+00:00","description":"Lagrein Cantina Bolzano \u2013 vino rosso robusto dell'Alto Adige. Rosso rubino scuro, fruttato & vellutato al gusto. Autentico & tradizionale.","breadcrumb":{"@id":"https:\/\/derpsairer.it\/it\/produkt\/lagrein-cantina-bolzano\/#breadcrumb"},"inLanguage":"it-IT","potentialAction":[{"@type":"ReadAction","target":["https:\/\/derpsairer.it\/it\/produkt\/lagrein-cantina-bolzano\/"]}]},{"@type":"ImageObject","inLanguage":"it-IT","@id":"https:\/\/derpsairer.it\/it\/produkt\/lagrein-cantina-bolzano\/#primaryimage","url":"https:\/\/derpsairer.it\/wp-22\/wp-content\/uploads\/2021\/08\/Lagrein-Bozen.jpg","contentUrl":"https:\/\/derpsairer.it\/wp-22\/wp-content\/uploads\/2021\/08\/Lagrein-Bozen.jpg","width":800,"height":800},{"@type":"BreadcrumbList","@id":"https:\/\/derpsairer.it\/it\/produkt\/lagrein-cantina-bolzano\/#breadcrumb","itemListElement":[{"@type":"ListItem","position":1,"name":"Home","item":"https:\/\/derpsairer.it\/it\/il-negozio-di-speck-der-psairer\/"},{"@type":"ListItem","position":2,"name":"Shop","item":"https:\/\/derpsairer.it\/shop\/"},{"@type":"ListItem","position":3,"name":"Lagrein Kellerei Bozen \u2013 Lagrein tipico di Gries"}]},{"@type":"WebSite","@id":"https:\/\/derpsairer.it\/it\/#website","url":"https:\/\/derpsairer.it\/it\/","name":"Der Psairer - Speck, Wurst, K\u00e4se","description":"Speck, Wurst und K\u00e4s aus Passeiertal in S\u00fcdtirol online bestellen.","publisher":{"@id":"https:\/\/derpsairer.it\/it\/#organization"},"potentialAction":[{"@type":"SearchAction","target":{"@type":"EntryPoint","urlTemplate":"https:\/\/derpsairer.it\/it\/?s={search_term_string}"},"query-input":{"@type":"PropertyValueSpecification","valueRequired":true,"valueName":"search_term_string"}}],"inLanguage":"it-IT"},{"@type":"Organization","@id":"https:\/\/derpsairer.it\/it\/#organization","name":"Der Psairer - Speck, Wurst, K\u00e4se","url":"https:\/\/derpsairer.it\/it\/","logo":{"@type":"ImageObject","inLanguage":"it-IT","@id":"https:\/\/derpsairer.it\/it\/#\/schema\/logo\/image\/","url":"https:\/\/derpsairer.it\/wp-22\/wp-content\/uploads\/2020\/03\/DER-PSAIRER-LOGO-2x.png","contentUrl":"https:\/\/derpsairer.it\/wp-22\/wp-content\/uploads\/2020\/03\/DER-PSAIRER-LOGO-2x.png","width":500,"height":500,"caption":"Der Psairer - Speck, Wurst, K\u00e4se"},"image":{"@id":"https:\/\/derpsairer.it\/it\/#\/schema\/logo\/image\/"},"sameAs":["https:\/\/www.facebook.com\/profile.php?id=100063648246860"]}]}},"_links":{"self":[{"href":"https:\/\/derpsairer.it\/it\/wp-json\/wp\/v2\/product\/5150","targetHints":{"allow":["GET"]}}],"collection":[{"href":"https:\/\/derpsairer.it\/it\/wp-json\/wp\/v2\/product"}],"about":[{"href":"https:\/\/derpsairer.it\/it\/wp-json\/wp\/v2\/types\/product"}],"wp:featuredmedia":[{"embeddable":true,"href":"https:\/\/derpsairer.it\/it\/wp-json\/wp\/v2\/media\/5151"}],"wp:attachment":[{"href":"https:\/\/derpsairer.it\/it\/wp-json\/wp\/v2\/media?parent=5150"}],"wp:term":[{"taxonomy":"product_brand","embeddable":true,"href":"https:\/\/derpsairer.it\/it\/wp-json\/wp\/v2\/product_brand?post=5150"},{"taxonomy":"product_cat","embeddable":true,"href":"https:\/\/derpsairer.it\/it\/wp-json\/wp\/v2\/product_cat?post=5150"},{"taxonomy":"product_tag","embeddable":true,"href":"https:\/\/derpsairer.it\/it\/wp-json\/wp\/v2\/product_tag?post=5150"}],"curies":[{"name":"wp","href":"https:\/\/api.w.org\/{rel}","templated":true}]}}