{"id":5276,"date":"2024-05-03T11:06:58","date_gmt":"2024-05-03T09:06:58","guid":{"rendered":"https:\/\/derpsairer.it\/produkt\/cuvee-paul-rosso\/"},"modified":"2025-12-11T10:20:44","modified_gmt":"2025-12-11T09:20:44","slug":"cuvee-paul-rosso","status":"publish","type":"product","link":"https:\/\/derpsairer.it\/it\/produkt\/cuvee-paul-rosso\/","title":{"rendered":"Cuv\u00e9e Paul Rot \u2013 vino rosso fruttato e pieno di carattere"},"content":{"rendered":"<p data-start=\"70\" data-end=\"535\">Il Cuv\u00e9e Paul Rot di St. Pauls si presenta con note di frutti rossi, speziato e morbido. Al naso dominano intensi aromi di frutti di bosco con una fine speziatura, al palato il vino si presenta vellutato, rotondo e piacevole da bere. La struttura armoniosa e l&#8217;equilibrato gioco di aromi lo rendono un accompagnamento stimolante per molti piatti sostanziosi. Un vino rosso di carattere che riflette chiaramente il legame tra origine, posizione e vitigni.   <\/p>\n<p data-start=\"537\" data-end=\"558\"><strong>Cantina:<\/strong><br data-start=\"546\" data-end=\"549\">St. Pauls<\/p>\n<p data-start=\"560\" data-end=\"577\"><strong>Vitigno:<\/strong><br data-start=\"569\" data-end=\"572\">Cuv\u00e9e<\/p>\n<p data-start=\"579\" data-end=\"649\">Abbinamenti consigliati:<br data-start=\"596\" data-end=\"599\">Formaggi, carni rosse, selvaggina, speck e salumi<\/p>\n<p data-start=\"651\" data-end=\"691\"><strong>Affinamento:<\/strong><br data-start=\"658\" data-end=\"661\">Fermentazione sulle bucce in serbatoi di acciaio inox<\/p>\n<p data-start=\"693\" data-end=\"722\"><strong>Temperatura di servizio:<\/strong><br data-start=\"711\" data-end=\"714\">16\u201318 \u00b0C<\/p>\n<p data-start=\"724\" data-end=\"747\"><strong>Gradazione alcolica:<\/strong><br data-start=\"738\" data-end=\"741\">12,5%<\/p>\n<p data-start=\"749\" data-end=\"765\"><strong>Contenuto:<\/strong><br data-start=\"756\" data-end=\"759\">0,75 l<\/p>\n<p data-start=\"767\" data-end=\"787\"><strong>Provenienza:<\/strong><br data-start=\"776\" data-end=\"779\">Alto Adige<\/p>\n<p data-start=\"789\" data-end=\"831\"><strong>Particolarit\u00e0:<\/strong><br data-start=\"804\" data-end=\"807\">Sensazione in bocca vellutata e rotonda<\/p>\n<p data-start=\"833\" data-end=\"849\"><strong>Conservazione:<br \/>\n<\/strong>fino a 3 anni<\/p>\n<p data-start=\"833\" data-end=\"849\"><strong>Contiene solfiti.<\/strong><\/p>\n<p>&nbsp;<\/p>\n","protected":false},"excerpt":{"rendered":"<p>\u2022 Aromaticit\u00e0 di frutti rossi<br data-start=\"1246\" data-end=\"1249\">\u2022 Speziatura fine<br data-start=\"1262\" data-end=\"1265\">\u2022 Sensazione vellutata al palato<br data-start=\"1286\" data-end=\"1289\">\u2022 Versatile accompagnamento per i pasti<br data-start=\"1320\" data-end=\"1323\">\u2022 Origine altoatesina<\/p>\n","protected":false},"featured_media":5277,"template":"","meta":[],"product_brand":[],"product_cat":[188],"product_tag":[3003,2941,2062,3879,1064,2189,2564,1798,1679,3001,2855,2360,2059],"class_list":{"0":"post-5276","1":"product","2":"type-product","3":"status-publish","4":"has-post-thumbnail","6":"product_cat-vino-distillati","7":"product_tag-acciaio-inox","8":"product_tag-armonioso","9":"product_tag-con-formaggio","10":"product_tag-con-salsiccia","11":"product_tag-cuvee-rossa","12":"product_tag-fruttato","13":"product_tag-morbido","14":"product_tag-per-carne","15":"product_tag-saporito","16":"product_tag-st-pauls","17":"product_tag-versatile","18":"product_tag-vino-da-tavola-3","19":"product_tag-vino-rosso-altoatesino-2","21":"first","22":"instock","23":"taxable","24":"shipping-taxable","25":"purchasable","26":"product-type-simple"},"yoast_head":"<!-- This site is optimized with the Yoast SEO plugin v27.5 - https:\/\/yoast.com\/product\/yoast-seo-wordpress\/ -->\n<title>Cuv\u00e9e Paul Rosso \u2013 Vino rosso armonioso dell&#039;Alto Adige - Der Psairer - Speck, Wurst, K\u00e4se<\/title>\n<meta name=\"description\" content=\"Cuv\u00e9e Paul Rosso \u2013 vino rosso fruttato ed elegante dell&#039;Alto Adige con note di frutti di bosco e spezie. Ideale con carne e formaggi.\" \/>\n<meta name=\"robots\" content=\"index, follow, max-snippet:-1, max-image-preview:large, max-video-preview:-1\" \/>\n<link rel=\"canonical\" href=\"https:\/\/derpsairer.it\/it\/produkt\/cuvee-paul-rosso\/\" \/>\n<meta property=\"og:locale\" content=\"it_IT\" \/>\n<meta property=\"og:type\" content=\"article\" \/>\n<meta property=\"og:title\" content=\"Cuv\u00e9e Paul Rosso \u2013 Vino rosso armonioso dell&#039;Alto Adige - Der Psairer - Speck, Wurst, K\u00e4se\" \/>\n<meta property=\"og:description\" content=\"Cuv\u00e9e Paul Rosso \u2013 vino rosso fruttato ed elegante dell&#039;Alto Adige con note di frutti di bosco e spezie. Ideale con carne e formaggi.\" \/>\n<meta property=\"og:url\" content=\"https:\/\/derpsairer.it\/it\/produkt\/cuvee-paul-rosso\/\" \/>\n<meta property=\"og:site_name\" content=\"Der Psairer - Speck, Wurst, K\u00e4se\" \/>\n<meta property=\"article:publisher\" content=\"https:\/\/www.facebook.com\/profile.php?id=100063648246860\" \/>\n<meta property=\"article:modified_time\" content=\"2025-12-11T09:20:44+00:00\" \/>\n<meta property=\"og:image\" content=\"https:\/\/derpsairer.it\/wp-22\/wp-content\/uploads\/2024\/05\/cuve-paul-2024-800x2400-1-e1714727795932.png\" \/>\n\t<meta property=\"og:image:width\" content=\"1760\" \/>\n\t<meta property=\"og:image:height\" content=\"1760\" \/>\n\t<meta property=\"og:image:type\" content=\"image\/png\" \/>\n<meta name=\"twitter:label1\" content=\"Tempo di lettura stimato\" \/>\n\t<meta name=\"twitter:data1\" content=\"1 minute\" \/>\n<script type=\"application\/ld+json\" class=\"yoast-schema-graph\">{\"@context\":\"https:\\\/\\\/schema.org\",\"@graph\":[{\"@type\":\"WebPage\",\"@id\":\"https:\\\/\\\/derpsairer.it\\\/it\\\/produkt\\\/cuvee-paul-rosso\\\/\",\"url\":\"https:\\\/\\\/derpsairer.it\\\/it\\\/produkt\\\/cuvee-paul-rosso\\\/\",\"name\":\"Cuv\u00e9e Paul Rosso \u2013 Vino rosso armonioso dell'Alto Adige - Der Psairer - Speck, Wurst, K\u00e4se\",\"isPartOf\":{\"@id\":\"https:\\\/\\\/derpsairer.it\\\/it\\\/#website\"},\"primaryImageOfPage\":{\"@id\":\"https:\\\/\\\/derpsairer.it\\\/it\\\/produkt\\\/cuvee-paul-rosso\\\/#primaryimage\"},\"image\":{\"@id\":\"https:\\\/\\\/derpsairer.it\\\/it\\\/produkt\\\/cuvee-paul-rosso\\\/#primaryimage\"},\"thumbnailUrl\":\"https:\\\/\\\/derpsairer.it\\\/wp-22\\\/wp-content\\\/uploads\\\/2024\\\/05\\\/cuve-paul-2024-800x2400-1-e1714727795932.png\",\"datePublished\":\"2024-05-03T09:06:58+00:00\",\"dateModified\":\"2025-12-11T09:20:44+00:00\",\"description\":\"Cuv\u00e9e Paul Rosso \u2013 vino rosso fruttato ed elegante dell'Alto Adige con note di frutti di bosco e spezie. Ideale con carne e formaggi.\",\"breadcrumb\":{\"@id\":\"https:\\\/\\\/derpsairer.it\\\/it\\\/produkt\\\/cuvee-paul-rosso\\\/#breadcrumb\"},\"inLanguage\":\"it-IT\",\"potentialAction\":[{\"@type\":\"ReadAction\",\"target\":[\"https:\\\/\\\/derpsairer.it\\\/it\\\/produkt\\\/cuvee-paul-rosso\\\/\"]}]},{\"@type\":\"ImageObject\",\"inLanguage\":\"it-IT\",\"@id\":\"https:\\\/\\\/derpsairer.it\\\/it\\\/produkt\\\/cuvee-paul-rosso\\\/#primaryimage\",\"url\":\"https:\\\/\\\/derpsairer.it\\\/wp-22\\\/wp-content\\\/uploads\\\/2024\\\/05\\\/cuve-paul-2024-800x2400-1-e1714727795932.png\",\"contentUrl\":\"https:\\\/\\\/derpsairer.it\\\/wp-22\\\/wp-content\\\/uploads\\\/2024\\\/05\\\/cuve-paul-2024-800x2400-1-e1714727795932.png\",\"width\":1760,\"height\":1760},{\"@type\":\"BreadcrumbList\",\"@id\":\"https:\\\/\\\/derpsairer.it\\\/it\\\/produkt\\\/cuvee-paul-rosso\\\/#breadcrumb\",\"itemListElement\":[{\"@type\":\"ListItem\",\"position\":1,\"name\":\"Home\",\"item\":\"https:\\\/\\\/derpsairer.it\\\/it\\\/il-negozio-di-speck-der-psairer\\\/\"},{\"@type\":\"ListItem\",\"position\":2,\"name\":\"Shop\",\"item\":\"https:\\\/\\\/derpsairer.it\\\/shop\\\/\"},{\"@type\":\"ListItem\",\"position\":3,\"name\":\"Cuv\u00e9e Paul Rot \u2013 vino rosso fruttato e pieno di carattere\"}]},{\"@type\":\"WebSite\",\"@id\":\"https:\\\/\\\/derpsairer.it\\\/it\\\/#website\",\"url\":\"https:\\\/\\\/derpsairer.it\\\/it\\\/\",\"name\":\"Der Psairer - Speck, Wurst, K\u00e4se\",\"description\":\"Speck, Wurst und K\u00e4s aus Passeiertal in S\u00fcdtirol online bestellen.\",\"publisher\":{\"@id\":\"https:\\\/\\\/derpsairer.it\\\/it\\\/#organization\"},\"potentialAction\":[{\"@type\":\"SearchAction\",\"target\":{\"@type\":\"EntryPoint\",\"urlTemplate\":\"https:\\\/\\\/derpsairer.it\\\/it\\\/?s={search_term_string}\"},\"query-input\":{\"@type\":\"PropertyValueSpecification\",\"valueRequired\":true,\"valueName\":\"search_term_string\"}}],\"inLanguage\":\"it-IT\"},{\"@type\":\"Organization\",\"@id\":\"https:\\\/\\\/derpsairer.it\\\/it\\\/#organization\",\"name\":\"Der Psairer - Speck, Wurst, K\u00e4se\",\"url\":\"https:\\\/\\\/derpsairer.it\\\/it\\\/\",\"logo\":{\"@type\":\"ImageObject\",\"inLanguage\":\"it-IT\",\"@id\":\"https:\\\/\\\/derpsairer.it\\\/it\\\/#\\\/schema\\\/logo\\\/image\\\/\",\"url\":\"https:\\\/\\\/derpsairer.it\\\/wp-22\\\/wp-content\\\/uploads\\\/2020\\\/03\\\/DER-PSAIRER-LOGO-2x.png\",\"contentUrl\":\"https:\\\/\\\/derpsairer.it\\\/wp-22\\\/wp-content\\\/uploads\\\/2020\\\/03\\\/DER-PSAIRER-LOGO-2x.png\",\"width\":500,\"height\":500,\"caption\":\"Der Psairer - Speck, Wurst, K\u00e4se\"},\"image\":{\"@id\":\"https:\\\/\\\/derpsairer.it\\\/it\\\/#\\\/schema\\\/logo\\\/image\\\/\"},\"sameAs\":[\"https:\\\/\\\/www.facebook.com\\\/profile.php?id=100063648246860\"]}]}<\/script>\n<!-- \/ Yoast SEO plugin. -->","yoast_head_json":{"title":"Cuv\u00e9e Paul Rosso \u2013 Vino rosso armonioso dell'Alto Adige - Der Psairer - Speck, Wurst, K\u00e4se","description":"Cuv\u00e9e Paul Rosso \u2013 vino rosso fruttato ed elegante dell'Alto Adige con note di frutti di bosco e spezie. Ideale con carne e formaggi.","robots":{"index":"index","follow":"follow","max-snippet":"max-snippet:-1","max-image-preview":"max-image-preview:large","max-video-preview":"max-video-preview:-1"},"canonical":"https:\/\/derpsairer.it\/it\/produkt\/cuvee-paul-rosso\/","og_locale":"it_IT","og_type":"article","og_title":"Cuv\u00e9e Paul Rosso \u2013 Vino rosso armonioso dell'Alto Adige - Der Psairer - Speck, Wurst, K\u00e4se","og_description":"Cuv\u00e9e Paul Rosso \u2013 vino rosso fruttato ed elegante dell'Alto Adige con note di frutti di bosco e spezie. Ideale con carne e formaggi.","og_url":"https:\/\/derpsairer.it\/it\/produkt\/cuvee-paul-rosso\/","og_site_name":"Der Psairer - Speck, Wurst, K\u00e4se","article_publisher":"https:\/\/www.facebook.com\/profile.php?id=100063648246860","article_modified_time":"2025-12-11T09:20:44+00:00","og_image":[{"width":1760,"height":1760,"url":"https:\/\/derpsairer.it\/wp-22\/wp-content\/uploads\/2024\/05\/cuve-paul-2024-800x2400-1-e1714727795932.png","type":"image\/png"}],"twitter_misc":{"Tempo di lettura stimato":"1 minute"},"schema":{"@context":"https:\/\/schema.org","@graph":[{"@type":"WebPage","@id":"https:\/\/derpsairer.it\/it\/produkt\/cuvee-paul-rosso\/","url":"https:\/\/derpsairer.it\/it\/produkt\/cuvee-paul-rosso\/","name":"Cuv\u00e9e Paul Rosso \u2013 Vino rosso armonioso dell'Alto Adige - Der Psairer - Speck, Wurst, K\u00e4se","isPartOf":{"@id":"https:\/\/derpsairer.it\/it\/#website"},"primaryImageOfPage":{"@id":"https:\/\/derpsairer.it\/it\/produkt\/cuvee-paul-rosso\/#primaryimage"},"image":{"@id":"https:\/\/derpsairer.it\/it\/produkt\/cuvee-paul-rosso\/#primaryimage"},"thumbnailUrl":"https:\/\/derpsairer.it\/wp-22\/wp-content\/uploads\/2024\/05\/cuve-paul-2024-800x2400-1-e1714727795932.png","datePublished":"2024-05-03T09:06:58+00:00","dateModified":"2025-12-11T09:20:44+00:00","description":"Cuv\u00e9e Paul Rosso \u2013 vino rosso fruttato ed elegante dell'Alto Adige con note di frutti di bosco e spezie. Ideale con carne e formaggi.","breadcrumb":{"@id":"https:\/\/derpsairer.it\/it\/produkt\/cuvee-paul-rosso\/#breadcrumb"},"inLanguage":"it-IT","potentialAction":[{"@type":"ReadAction","target":["https:\/\/derpsairer.it\/it\/produkt\/cuvee-paul-rosso\/"]}]},{"@type":"ImageObject","inLanguage":"it-IT","@id":"https:\/\/derpsairer.it\/it\/produkt\/cuvee-paul-rosso\/#primaryimage","url":"https:\/\/derpsairer.it\/wp-22\/wp-content\/uploads\/2024\/05\/cuve-paul-2024-800x2400-1-e1714727795932.png","contentUrl":"https:\/\/derpsairer.it\/wp-22\/wp-content\/uploads\/2024\/05\/cuve-paul-2024-800x2400-1-e1714727795932.png","width":1760,"height":1760},{"@type":"BreadcrumbList","@id":"https:\/\/derpsairer.it\/it\/produkt\/cuvee-paul-rosso\/#breadcrumb","itemListElement":[{"@type":"ListItem","position":1,"name":"Home","item":"https:\/\/derpsairer.it\/it\/il-negozio-di-speck-der-psairer\/"},{"@type":"ListItem","position":2,"name":"Shop","item":"https:\/\/derpsairer.it\/shop\/"},{"@type":"ListItem","position":3,"name":"Cuv\u00e9e Paul Rot \u2013 vino rosso fruttato e pieno di carattere"}]},{"@type":"WebSite","@id":"https:\/\/derpsairer.it\/it\/#website","url":"https:\/\/derpsairer.it\/it\/","name":"Der Psairer - Speck, Wurst, K\u00e4se","description":"Speck, Wurst und K\u00e4s aus Passeiertal in S\u00fcdtirol online bestellen.","publisher":{"@id":"https:\/\/derpsairer.it\/it\/#organization"},"potentialAction":[{"@type":"SearchAction","target":{"@type":"EntryPoint","urlTemplate":"https:\/\/derpsairer.it\/it\/?s={search_term_string}"},"query-input":{"@type":"PropertyValueSpecification","valueRequired":true,"valueName":"search_term_string"}}],"inLanguage":"it-IT"},{"@type":"Organization","@id":"https:\/\/derpsairer.it\/it\/#organization","name":"Der Psairer - Speck, Wurst, K\u00e4se","url":"https:\/\/derpsairer.it\/it\/","logo":{"@type":"ImageObject","inLanguage":"it-IT","@id":"https:\/\/derpsairer.it\/it\/#\/schema\/logo\/image\/","url":"https:\/\/derpsairer.it\/wp-22\/wp-content\/uploads\/2020\/03\/DER-PSAIRER-LOGO-2x.png","contentUrl":"https:\/\/derpsairer.it\/wp-22\/wp-content\/uploads\/2020\/03\/DER-PSAIRER-LOGO-2x.png","width":500,"height":500,"caption":"Der Psairer - Speck, Wurst, K\u00e4se"},"image":{"@id":"https:\/\/derpsairer.it\/it\/#\/schema\/logo\/image\/"},"sameAs":["https:\/\/www.facebook.com\/profile.php?id=100063648246860"]}]}},"_links":{"self":[{"href":"https:\/\/derpsairer.it\/it\/wp-json\/wp\/v2\/product\/5276","targetHints":{"allow":["GET"]}}],"collection":[{"href":"https:\/\/derpsairer.it\/it\/wp-json\/wp\/v2\/product"}],"about":[{"href":"https:\/\/derpsairer.it\/it\/wp-json\/wp\/v2\/types\/product"}],"wp:featuredmedia":[{"embeddable":true,"href":"https:\/\/derpsairer.it\/it\/wp-json\/wp\/v2\/media\/5277"}],"wp:attachment":[{"href":"https:\/\/derpsairer.it\/it\/wp-json\/wp\/v2\/media?parent=5276"}],"wp:term":[{"taxonomy":"product_brand","embeddable":true,"href":"https:\/\/derpsairer.it\/it\/wp-json\/wp\/v2\/product_brand?post=5276"},{"taxonomy":"product_cat","embeddable":true,"href":"https:\/\/derpsairer.it\/it\/wp-json\/wp\/v2\/product_cat?post=5276"},{"taxonomy":"product_tag","embeddable":true,"href":"https:\/\/derpsairer.it\/it\/wp-json\/wp\/v2\/product_tag?post=5276"}],"curies":[{"name":"wp","href":"https:\/\/api.w.org\/{rel}","templated":true}]}}