{"id":5304,"date":"2024-08-19T13:48:57","date_gmt":"2024-08-19T11:48:57","guid":{"rendered":"https:\/\/derpsairer.it\/produkt\/cuvee-bianco-termeno\/"},"modified":"2025-12-03T17:26:08","modified_gmt":"2025-12-03T16:26:08","slug":"cuvee-bianco-termeno","status":"publish","type":"product","link":"https:\/\/derpsairer.it\/it\/produkt\/cuvee-bianco-termeno\/","title":{"rendered":"Cuv\u00e9e Weiss Tramin \u2013 vino bianco fresco dall&#8217;Alto Adige"},"content":{"rendered":"<p data-start=\"69\" data-end=\"460\">Il Cuv\u00e9e Weiss Tramin mostra uno stile moderno e innovativo e unisce il potenziale di vitigni storicamente coltivati della Cantina Tramin. Al naso si presenta fresco e limpido, al palato leggero, armonico e invitante. Un vino bianco versatile, ideale come aperitivo e si abbina splendidamente ad antipasti leggeri, pesce e verdure.  <\/p>\n<p><strong>Cantina<\/strong>:<br \/>\nTramin<\/p>\n<p><strong>UVAGGIO<\/strong>:<br \/>\nCuv\u00e9e<\/p>\n<p><strong>ZONA DI COLTIVAZIONE<\/strong>:<br \/>\n250 \u2013 550 m Argilla con componente calcarea<\/p>\n<p><strong>ABBINAMENTI CONSIGLIATI<\/strong>:<br \/>\nAperitivo, Antipasti leggeri, Pesce, Verdure<\/p>\n<p><strong>CAPACIT\u00c0 DI INVECCHIAMENTO:<br \/>\n<\/strong>fino a 3 anni<\/p>\n<p><strong>TEMPERATURA DI SERVIZIO<\/strong>:<br \/>\n10 \u2013 12\u00b0C<\/p>\n<p><strong>Contenuto:<\/strong><br data-start=\"653\" data-end=\"656\">0,75 l<\/p>\n<p><strong>Gradazione alcolica:<\/strong><br data-start=\"635\" data-end=\"638\">12,5%<\/p>\n<p data-start=\"664\" data-end=\"684\"><strong>Origine:<\/strong><br data-start=\"673\" data-end=\"676\">Alto Adige<\/p>\n<p data-start=\"686\" data-end=\"732\"><strong>Particolarit\u00e0:<\/strong><br data-start=\"701\" data-end=\"704\">Composizione Cuv\u00e9e innovativa<\/p>\n<p><strong>Contiene solfiti<\/strong><\/p>\n","protected":false},"excerpt":{"rendered":"<p>\u2022 Aroma fresco<br data-start=\"1147\" data-end=\"1150\">\u2022 Stile armonico<br data-start=\"1169\" data-end=\"1172\">\u2022 Versatile<br data-start=\"1195\" data-end=\"1198\">\u2022 Origine altoatesina<br data-start=\"1219\" data-end=\"1222\">\u2022 Ideale come aperitivo<\/p>\n","protected":false},"featured_media":5305,"template":"","meta":[],"product_brand":[],"product_cat":[188],"product_tag":[3003,308,2941,1847,1865,1048,2322,2361,2309,1049,2855,3312,425],"class_list":{"0":"post-5304","1":"product","2":"type-product","3":"status-publish","4":"has-post-thumbnail","6":"product_cat-vino-distillati","7":"product_tag-acciaio-inox","8":"product_tag-aperitivo","9":"product_tag-armonioso","10":"product_tag-con-le-verdure","11":"product_tag-con-pesce","12":"product_tag-cuvee-weiss","13":"product_tag-fresco","14":"product_tag-leggero","15":"product_tag-secco","16":"product_tag-termeno","17":"product_tag-versatile","18":"product_tag-vino-bianco-altoatesino","19":"product_tag-vino-estivo","21":"first","22":"instock","23":"taxable","24":"shipping-taxable","25":"purchasable","26":"product-type-simple"},"yoast_head":"<!-- This site is optimized with the Yoast SEO plugin v27.5 - https:\/\/yoast.com\/product\/yoast-seo-wordpress\/ -->\n<title>Cuv\u00e9e Weiss Tramin \u2013 Vino bianco fresco dell&#039;Alto Adige - Der Psairer - Speck, Wurst, K\u00e4se<\/title>\n<meta name=\"description\" content=\"Cuv\u00e9e Weiss Tramin \u2013 vino bianco fresco dell&#039;Alto Adige con delicati aromi fruttati e acidit\u00e0 elegante. Ideale con piatti leggeri e piatti estivi.\" \/>\n<meta name=\"robots\" content=\"index, follow, max-snippet:-1, max-image-preview:large, max-video-preview:-1\" \/>\n<link rel=\"canonical\" href=\"https:\/\/derpsairer.it\/it\/produkt\/cuvee-bianco-termeno\/\" \/>\n<meta property=\"og:locale\" content=\"it_IT\" \/>\n<meta property=\"og:type\" content=\"article\" \/>\n<meta property=\"og:title\" content=\"Cuv\u00e9e Weiss Tramin \u2013 Vino bianco fresco dell&#039;Alto Adige - Der Psairer - Speck, Wurst, K\u00e4se\" \/>\n<meta property=\"og:description\" content=\"Cuv\u00e9e Weiss Tramin \u2013 vino bianco fresco dell&#039;Alto Adige con delicati aromi fruttati e acidit\u00e0 elegante. Ideale con piatti leggeri e piatti estivi.\" \/>\n<meta property=\"og:url\" content=\"https:\/\/derpsairer.it\/it\/produkt\/cuvee-bianco-termeno\/\" \/>\n<meta property=\"og:site_name\" content=\"Der Psairer - Speck, Wurst, K\u00e4se\" \/>\n<meta property=\"article:publisher\" content=\"https:\/\/www.facebook.com\/profile.php?id=100063648246860\" \/>\n<meta property=\"article:modified_time\" content=\"2025-12-03T16:26:08+00:00\" \/>\n<meta property=\"og:image\" content=\"https:\/\/derpsairer.it\/wp-22\/wp-content\/uploads\/2024\/08\/Progetto-senza-titolo-9.png\" \/>\n\t<meta property=\"og:image:width\" content=\"1366\" \/>\n\t<meta property=\"og:image:height\" content=\"1366\" \/>\n\t<meta property=\"og:image:type\" content=\"image\/png\" \/>\n<script type=\"application\/ld+json\" class=\"yoast-schema-graph\">{\"@context\":\"https:\\\/\\\/schema.org\",\"@graph\":[{\"@type\":\"WebPage\",\"@id\":\"https:\\\/\\\/derpsairer.it\\\/it\\\/produkt\\\/cuvee-bianco-termeno\\\/\",\"url\":\"https:\\\/\\\/derpsairer.it\\\/it\\\/produkt\\\/cuvee-bianco-termeno\\\/\",\"name\":\"Cuv\u00e9e Weiss Tramin \u2013 Vino bianco fresco dell'Alto Adige - Der Psairer - Speck, Wurst, K\u00e4se\",\"isPartOf\":{\"@id\":\"https:\\\/\\\/derpsairer.it\\\/it\\\/#website\"},\"primaryImageOfPage\":{\"@id\":\"https:\\\/\\\/derpsairer.it\\\/it\\\/produkt\\\/cuvee-bianco-termeno\\\/#primaryimage\"},\"image\":{\"@id\":\"https:\\\/\\\/derpsairer.it\\\/it\\\/produkt\\\/cuvee-bianco-termeno\\\/#primaryimage\"},\"thumbnailUrl\":\"https:\\\/\\\/derpsairer.it\\\/wp-22\\\/wp-content\\\/uploads\\\/2024\\\/08\\\/Progetto-senza-titolo-9.png\",\"datePublished\":\"2024-08-19T11:48:57+00:00\",\"dateModified\":\"2025-12-03T16:26:08+00:00\",\"description\":\"Cuv\u00e9e Weiss Tramin \u2013 vino bianco fresco dell'Alto Adige con delicati aromi fruttati e acidit\u00e0 elegante. Ideale con piatti leggeri e piatti estivi.\",\"breadcrumb\":{\"@id\":\"https:\\\/\\\/derpsairer.it\\\/it\\\/produkt\\\/cuvee-bianco-termeno\\\/#breadcrumb\"},\"inLanguage\":\"it-IT\",\"potentialAction\":[{\"@type\":\"ReadAction\",\"target\":[\"https:\\\/\\\/derpsairer.it\\\/it\\\/produkt\\\/cuvee-bianco-termeno\\\/\"]}]},{\"@type\":\"ImageObject\",\"inLanguage\":\"it-IT\",\"@id\":\"https:\\\/\\\/derpsairer.it\\\/it\\\/produkt\\\/cuvee-bianco-termeno\\\/#primaryimage\",\"url\":\"https:\\\/\\\/derpsairer.it\\\/wp-22\\\/wp-content\\\/uploads\\\/2024\\\/08\\\/Progetto-senza-titolo-9.png\",\"contentUrl\":\"https:\\\/\\\/derpsairer.it\\\/wp-22\\\/wp-content\\\/uploads\\\/2024\\\/08\\\/Progetto-senza-titolo-9.png\",\"width\":1366,\"height\":1366},{\"@type\":\"BreadcrumbList\",\"@id\":\"https:\\\/\\\/derpsairer.it\\\/it\\\/produkt\\\/cuvee-bianco-termeno\\\/#breadcrumb\",\"itemListElement\":[{\"@type\":\"ListItem\",\"position\":1,\"name\":\"Home\",\"item\":\"https:\\\/\\\/derpsairer.it\\\/it\\\/il-negozio-di-speck-der-psairer\\\/\"},{\"@type\":\"ListItem\",\"position\":2,\"name\":\"Shop\",\"item\":\"https:\\\/\\\/derpsairer.it\\\/shop\\\/\"},{\"@type\":\"ListItem\",\"position\":3,\"name\":\"Cuv\u00e9e Weiss Tramin \u2013 vino bianco fresco dall&#8217;Alto Adige\"}]},{\"@type\":\"WebSite\",\"@id\":\"https:\\\/\\\/derpsairer.it\\\/it\\\/#website\",\"url\":\"https:\\\/\\\/derpsairer.it\\\/it\\\/\",\"name\":\"Der Psairer - Speck, Wurst, K\u00e4se\",\"description\":\"Speck, Wurst und K\u00e4s aus Passeiertal in S\u00fcdtirol online bestellen.\",\"publisher\":{\"@id\":\"https:\\\/\\\/derpsairer.it\\\/it\\\/#organization\"},\"potentialAction\":[{\"@type\":\"SearchAction\",\"target\":{\"@type\":\"EntryPoint\",\"urlTemplate\":\"https:\\\/\\\/derpsairer.it\\\/it\\\/?s={search_term_string}\"},\"query-input\":{\"@type\":\"PropertyValueSpecification\",\"valueRequired\":true,\"valueName\":\"search_term_string\"}}],\"inLanguage\":\"it-IT\"},{\"@type\":\"Organization\",\"@id\":\"https:\\\/\\\/derpsairer.it\\\/it\\\/#organization\",\"name\":\"Der Psairer - Speck, Wurst, K\u00e4se\",\"url\":\"https:\\\/\\\/derpsairer.it\\\/it\\\/\",\"logo\":{\"@type\":\"ImageObject\",\"inLanguage\":\"it-IT\",\"@id\":\"https:\\\/\\\/derpsairer.it\\\/it\\\/#\\\/schema\\\/logo\\\/image\\\/\",\"url\":\"https:\\\/\\\/derpsairer.it\\\/wp-22\\\/wp-content\\\/uploads\\\/2020\\\/03\\\/DER-PSAIRER-LOGO-2x.png\",\"contentUrl\":\"https:\\\/\\\/derpsairer.it\\\/wp-22\\\/wp-content\\\/uploads\\\/2020\\\/03\\\/DER-PSAIRER-LOGO-2x.png\",\"width\":500,\"height\":500,\"caption\":\"Der Psairer - Speck, Wurst, K\u00e4se\"},\"image\":{\"@id\":\"https:\\\/\\\/derpsairer.it\\\/it\\\/#\\\/schema\\\/logo\\\/image\\\/\"},\"sameAs\":[\"https:\\\/\\\/www.facebook.com\\\/profile.php?id=100063648246860\"]}]}<\/script>\n<!-- \/ Yoast SEO plugin. -->","yoast_head_json":{"title":"Cuv\u00e9e Weiss Tramin \u2013 Vino bianco fresco dell'Alto Adige - Der Psairer - Speck, Wurst, K\u00e4se","description":"Cuv\u00e9e Weiss Tramin \u2013 vino bianco fresco dell'Alto Adige con delicati aromi fruttati e acidit\u00e0 elegante. Ideale con piatti leggeri e piatti estivi.","robots":{"index":"index","follow":"follow","max-snippet":"max-snippet:-1","max-image-preview":"max-image-preview:large","max-video-preview":"max-video-preview:-1"},"canonical":"https:\/\/derpsairer.it\/it\/produkt\/cuvee-bianco-termeno\/","og_locale":"it_IT","og_type":"article","og_title":"Cuv\u00e9e Weiss Tramin \u2013 Vino bianco fresco dell'Alto Adige - Der Psairer - Speck, Wurst, K\u00e4se","og_description":"Cuv\u00e9e Weiss Tramin \u2013 vino bianco fresco dell'Alto Adige con delicati aromi fruttati e acidit\u00e0 elegante. Ideale con piatti leggeri e piatti estivi.","og_url":"https:\/\/derpsairer.it\/it\/produkt\/cuvee-bianco-termeno\/","og_site_name":"Der Psairer - Speck, Wurst, K\u00e4se","article_publisher":"https:\/\/www.facebook.com\/profile.php?id=100063648246860","article_modified_time":"2025-12-03T16:26:08+00:00","og_image":[{"width":1366,"height":1366,"url":"https:\/\/derpsairer.it\/wp-22\/wp-content\/uploads\/2024\/08\/Progetto-senza-titolo-9.png","type":"image\/png"}],"schema":{"@context":"https:\/\/schema.org","@graph":[{"@type":"WebPage","@id":"https:\/\/derpsairer.it\/it\/produkt\/cuvee-bianco-termeno\/","url":"https:\/\/derpsairer.it\/it\/produkt\/cuvee-bianco-termeno\/","name":"Cuv\u00e9e Weiss Tramin \u2013 Vino bianco fresco dell'Alto Adige - Der Psairer - Speck, Wurst, K\u00e4se","isPartOf":{"@id":"https:\/\/derpsairer.it\/it\/#website"},"primaryImageOfPage":{"@id":"https:\/\/derpsairer.it\/it\/produkt\/cuvee-bianco-termeno\/#primaryimage"},"image":{"@id":"https:\/\/derpsairer.it\/it\/produkt\/cuvee-bianco-termeno\/#primaryimage"},"thumbnailUrl":"https:\/\/derpsairer.it\/wp-22\/wp-content\/uploads\/2024\/08\/Progetto-senza-titolo-9.png","datePublished":"2024-08-19T11:48:57+00:00","dateModified":"2025-12-03T16:26:08+00:00","description":"Cuv\u00e9e Weiss Tramin \u2013 vino bianco fresco dell'Alto Adige con delicati aromi fruttati e acidit\u00e0 elegante. Ideale con piatti leggeri e piatti estivi.","breadcrumb":{"@id":"https:\/\/derpsairer.it\/it\/produkt\/cuvee-bianco-termeno\/#breadcrumb"},"inLanguage":"it-IT","potentialAction":[{"@type":"ReadAction","target":["https:\/\/derpsairer.it\/it\/produkt\/cuvee-bianco-termeno\/"]}]},{"@type":"ImageObject","inLanguage":"it-IT","@id":"https:\/\/derpsairer.it\/it\/produkt\/cuvee-bianco-termeno\/#primaryimage","url":"https:\/\/derpsairer.it\/wp-22\/wp-content\/uploads\/2024\/08\/Progetto-senza-titolo-9.png","contentUrl":"https:\/\/derpsairer.it\/wp-22\/wp-content\/uploads\/2024\/08\/Progetto-senza-titolo-9.png","width":1366,"height":1366},{"@type":"BreadcrumbList","@id":"https:\/\/derpsairer.it\/it\/produkt\/cuvee-bianco-termeno\/#breadcrumb","itemListElement":[{"@type":"ListItem","position":1,"name":"Home","item":"https:\/\/derpsairer.it\/it\/il-negozio-di-speck-der-psairer\/"},{"@type":"ListItem","position":2,"name":"Shop","item":"https:\/\/derpsairer.it\/shop\/"},{"@type":"ListItem","position":3,"name":"Cuv\u00e9e Weiss Tramin \u2013 vino bianco fresco dall&#8217;Alto Adige"}]},{"@type":"WebSite","@id":"https:\/\/derpsairer.it\/it\/#website","url":"https:\/\/derpsairer.it\/it\/","name":"Der Psairer - Speck, Wurst, K\u00e4se","description":"Speck, Wurst und K\u00e4s aus Passeiertal in S\u00fcdtirol online bestellen.","publisher":{"@id":"https:\/\/derpsairer.it\/it\/#organization"},"potentialAction":[{"@type":"SearchAction","target":{"@type":"EntryPoint","urlTemplate":"https:\/\/derpsairer.it\/it\/?s={search_term_string}"},"query-input":{"@type":"PropertyValueSpecification","valueRequired":true,"valueName":"search_term_string"}}],"inLanguage":"it-IT"},{"@type":"Organization","@id":"https:\/\/derpsairer.it\/it\/#organization","name":"Der Psairer - Speck, Wurst, K\u00e4se","url":"https:\/\/derpsairer.it\/it\/","logo":{"@type":"ImageObject","inLanguage":"it-IT","@id":"https:\/\/derpsairer.it\/it\/#\/schema\/logo\/image\/","url":"https:\/\/derpsairer.it\/wp-22\/wp-content\/uploads\/2020\/03\/DER-PSAIRER-LOGO-2x.png","contentUrl":"https:\/\/derpsairer.it\/wp-22\/wp-content\/uploads\/2020\/03\/DER-PSAIRER-LOGO-2x.png","width":500,"height":500,"caption":"Der Psairer - Speck, Wurst, K\u00e4se"},"image":{"@id":"https:\/\/derpsairer.it\/it\/#\/schema\/logo\/image\/"},"sameAs":["https:\/\/www.facebook.com\/profile.php?id=100063648246860"]}]}},"_links":{"self":[{"href":"https:\/\/derpsairer.it\/it\/wp-json\/wp\/v2\/product\/5304","targetHints":{"allow":["GET"]}}],"collection":[{"href":"https:\/\/derpsairer.it\/it\/wp-json\/wp\/v2\/product"}],"about":[{"href":"https:\/\/derpsairer.it\/it\/wp-json\/wp\/v2\/types\/product"}],"wp:featuredmedia":[{"embeddable":true,"href":"https:\/\/derpsairer.it\/it\/wp-json\/wp\/v2\/media\/5305"}],"wp:attachment":[{"href":"https:\/\/derpsairer.it\/it\/wp-json\/wp\/v2\/media?parent=5304"}],"wp:term":[{"taxonomy":"product_brand","embeddable":true,"href":"https:\/\/derpsairer.it\/it\/wp-json\/wp\/v2\/product_brand?post=5304"},{"taxonomy":"product_cat","embeddable":true,"href":"https:\/\/derpsairer.it\/it\/wp-json\/wp\/v2\/product_cat?post=5304"},{"taxonomy":"product_tag","embeddable":true,"href":"https:\/\/derpsairer.it\/it\/wp-json\/wp\/v2\/product_tag?post=5304"}],"curies":[{"name":"wp","href":"https:\/\/api.w.org\/{rel}","templated":true}]}}