{"id":5413,"date":"2024-02-28T09:40:55","date_gmt":"2024-02-28T08:40:55","guid":{"rendered":"https:\/\/derpsairer.it\/produkt\/miscela-di-spezie-per-spaghettata-allitaliana\/"},"modified":"2025-12-12T17:14:41","modified_gmt":"2025-12-12T16:14:41","slug":"miscela-di-spezie-per-spaghettata-allitaliana","status":"publish","type":"product","link":"https:\/\/derpsairer.it\/it\/produkt\/miscela-di-spezie-per-spaghettata-allitaliana\/","title":{"rendered":"Miscela di spezie per Spaghettata all&#8217;Italiana \u2013 spezia delicata italiana per pasta"},"content":{"rendered":"<p data-start=\"96\" data-end=\"537\">Questa miscela di spezie per Spaghettata all&#8217;Italiana \u00e8 una spezia secca delicata per i classici piatti di pasta. \u00c8 ideale per condire sughi di pomodoro o semplicemente per insaporire la pasta, conferendo ai piatti un aroma mediterraneo equilibrato. Si abbina perfettamente anche a piatti di verdure e carne. Facile da usare e sorprendentemente gustosa per una cucina italiana semplice.   <\/p>\n<p data-start=\"539\" data-end=\"584\">Contenuto: 80 g.<\/p>\n","protected":false},"excerpt":{"rendered":"<p>\u2022 Spezia secca delicata<br data-start=\"955\" data-end=\"958\">\u2022 Ideale per piatti di pasta<br data-start=\"983\" data-end=\"986\">\u2022 Aroma mediterraneo<br data-start=\"1008\" data-end=\"1011\">\u2022 Versatile<br data-start=\"1034\" data-end=\"1037\">\u2022 Facile da usare<\/p>\n","protected":false},"featured_media":5690,"template":"","meta":[],"product_brand":[],"product_cat":[191],"product_tag":[2033,3059,1653,341,1692,2310,1600,556,1645,2535],"class_list":{"0":"post-5413","1":"product","2":"type-product","3":"status-publish","4":"has-post-thumbnail","6":"product_cat-altre-delizie","7":"product_tag-aromatico","8":"product_tag-carne","9":"product_tag-condimento-per-pasta-2","10":"product_tag-cucina-italiana","11":"product_tag-delicata","12":"product_tag-mediterraneo","13":"product_tag-miscela-di-spezie","14":"product_tag-salsa-di-pomodoro","15":"product_tag-spaghettata","16":"product_tag-verdure","18":"first","19":"instock","20":"taxable","21":"shipping-taxable","22":"purchasable","23":"product-type-simple"},"yoast_head":"<!-- This site is optimized with the Yoast SEO plugin v27.5 - https:\/\/yoast.com\/product\/yoast-seo-wordpress\/ -->\n<title>Miscela di spezie Spaghettata all\u2019Italiana \u2013 Classico italiano - Der Psairer - Speck, Wurst, K\u00e4se<\/title>\n<meta name=\"description\" content=\"La miscela di spezie Spaghettata all&#039;Italiana \u00e8 una spezia delicata per pasta, ideale per condire pasta, sughi di pomodoro, verdure e carne con un aroma mediterraneo.\" \/>\n<meta name=\"robots\" content=\"index, follow, max-snippet:-1, max-image-preview:large, max-video-preview:-1\" \/>\n<link rel=\"canonical\" href=\"https:\/\/derpsairer.it\/it\/produkt\/miscela-di-spezie-per-spaghettata-allitaliana\/\" \/>\n<meta property=\"og:locale\" content=\"it_IT\" \/>\n<meta property=\"og:type\" content=\"article\" \/>\n<meta property=\"og:title\" content=\"Miscela di spezie Spaghettata all\u2019Italiana \u2013 Classico italiano - Der Psairer - Speck, Wurst, K\u00e4se\" \/>\n<meta property=\"og:description\" content=\"La miscela di spezie Spaghettata all&#039;Italiana \u00e8 una spezia delicata per pasta, ideale per condire pasta, sughi di pomodoro, verdure e carne con un aroma mediterraneo.\" \/>\n<meta property=\"og:url\" content=\"https:\/\/derpsairer.it\/it\/produkt\/miscela-di-spezie-per-spaghettata-allitaliana\/\" \/>\n<meta property=\"og:site_name\" content=\"Der Psairer - Speck, Wurst, K\u00e4se\" \/>\n<meta property=\"article:publisher\" content=\"https:\/\/www.facebook.com\/profile.php?id=100063648246860\" \/>\n<meta property=\"article:modified_time\" content=\"2025-12-12T16:14:41+00:00\" \/>\n<meta property=\"og:image\" content=\"https:\/\/derpsairer.it\/wp-22\/wp-content\/uploads\/2024\/02\/Gewuerzmischung-Spaghettata-all-Italiana.jpg\" \/>\n\t<meta property=\"og:image:width\" content=\"924\" \/>\n\t<meta property=\"og:image:height\" content=\"1386\" \/>\n\t<meta property=\"og:image:type\" content=\"image\/jpeg\" \/>\n<script type=\"application\/ld+json\" class=\"yoast-schema-graph\">{\"@context\":\"https:\\\/\\\/schema.org\",\"@graph\":[{\"@type\":\"WebPage\",\"@id\":\"https:\\\/\\\/derpsairer.it\\\/it\\\/produkt\\\/miscela-di-spezie-per-spaghettata-allitaliana\\\/\",\"url\":\"https:\\\/\\\/derpsairer.it\\\/it\\\/produkt\\\/miscela-di-spezie-per-spaghettata-allitaliana\\\/\",\"name\":\"Miscela di spezie Spaghettata all\u2019Italiana \u2013 Classico italiano - Der Psairer - Speck, Wurst, K\u00e4se\",\"isPartOf\":{\"@id\":\"https:\\\/\\\/derpsairer.it\\\/it\\\/#website\"},\"primaryImageOfPage\":{\"@id\":\"https:\\\/\\\/derpsairer.it\\\/it\\\/produkt\\\/miscela-di-spezie-per-spaghettata-allitaliana\\\/#primaryimage\"},\"image\":{\"@id\":\"https:\\\/\\\/derpsairer.it\\\/it\\\/produkt\\\/miscela-di-spezie-per-spaghettata-allitaliana\\\/#primaryimage\"},\"thumbnailUrl\":\"https:\\\/\\\/derpsairer.it\\\/wp-22\\\/wp-content\\\/uploads\\\/2024\\\/02\\\/Gewuerzmischung-Spaghettata-all-Italiana.jpg\",\"datePublished\":\"2024-02-28T08:40:55+00:00\",\"dateModified\":\"2025-12-12T16:14:41+00:00\",\"description\":\"La miscela di spezie Spaghettata all'Italiana \u00e8 una spezia delicata per pasta, ideale per condire pasta, sughi di pomodoro, verdure e carne con un aroma mediterraneo.\",\"breadcrumb\":{\"@id\":\"https:\\\/\\\/derpsairer.it\\\/it\\\/produkt\\\/miscela-di-spezie-per-spaghettata-allitaliana\\\/#breadcrumb\"},\"inLanguage\":\"it-IT\",\"potentialAction\":[{\"@type\":\"ReadAction\",\"target\":[\"https:\\\/\\\/derpsairer.it\\\/it\\\/produkt\\\/miscela-di-spezie-per-spaghettata-allitaliana\\\/\"]}]},{\"@type\":\"ImageObject\",\"inLanguage\":\"it-IT\",\"@id\":\"https:\\\/\\\/derpsairer.it\\\/it\\\/produkt\\\/miscela-di-spezie-per-spaghettata-allitaliana\\\/#primaryimage\",\"url\":\"https:\\\/\\\/derpsairer.it\\\/wp-22\\\/wp-content\\\/uploads\\\/2024\\\/02\\\/Gewuerzmischung-Spaghettata-all-Italiana.jpg\",\"contentUrl\":\"https:\\\/\\\/derpsairer.it\\\/wp-22\\\/wp-content\\\/uploads\\\/2024\\\/02\\\/Gewuerzmischung-Spaghettata-all-Italiana.jpg\",\"width\":924,\"height\":1386},{\"@type\":\"BreadcrumbList\",\"@id\":\"https:\\\/\\\/derpsairer.it\\\/it\\\/produkt\\\/miscela-di-spezie-per-spaghettata-allitaliana\\\/#breadcrumb\",\"itemListElement\":[{\"@type\":\"ListItem\",\"position\":1,\"name\":\"Home\",\"item\":\"https:\\\/\\\/derpsairer.it\\\/it\\\/il-negozio-di-speck-der-psairer\\\/\"},{\"@type\":\"ListItem\",\"position\":2,\"name\":\"Shop\",\"item\":\"https:\\\/\\\/derpsairer.it\\\/shop\\\/\"},{\"@type\":\"ListItem\",\"position\":3,\"name\":\"Miscela di spezie per Spaghettata all&#8217;Italiana \u2013 spezia delicata italiana per pasta\"}]},{\"@type\":\"WebSite\",\"@id\":\"https:\\\/\\\/derpsairer.it\\\/it\\\/#website\",\"url\":\"https:\\\/\\\/derpsairer.it\\\/it\\\/\",\"name\":\"Der Psairer - Speck, Wurst, K\u00e4se\",\"description\":\"Speck, Wurst und K\u00e4s aus Passeiertal in S\u00fcdtirol online bestellen.\",\"publisher\":{\"@id\":\"https:\\\/\\\/derpsairer.it\\\/it\\\/#organization\"},\"potentialAction\":[{\"@type\":\"SearchAction\",\"target\":{\"@type\":\"EntryPoint\",\"urlTemplate\":\"https:\\\/\\\/derpsairer.it\\\/it\\\/?s={search_term_string}\"},\"query-input\":{\"@type\":\"PropertyValueSpecification\",\"valueRequired\":true,\"valueName\":\"search_term_string\"}}],\"inLanguage\":\"it-IT\"},{\"@type\":\"Organization\",\"@id\":\"https:\\\/\\\/derpsairer.it\\\/it\\\/#organization\",\"name\":\"Der Psairer - Speck, Wurst, K\u00e4se\",\"url\":\"https:\\\/\\\/derpsairer.it\\\/it\\\/\",\"logo\":{\"@type\":\"ImageObject\",\"inLanguage\":\"it-IT\",\"@id\":\"https:\\\/\\\/derpsairer.it\\\/it\\\/#\\\/schema\\\/logo\\\/image\\\/\",\"url\":\"https:\\\/\\\/derpsairer.it\\\/wp-22\\\/wp-content\\\/uploads\\\/2020\\\/03\\\/DER-PSAIRER-LOGO-2x.png\",\"contentUrl\":\"https:\\\/\\\/derpsairer.it\\\/wp-22\\\/wp-content\\\/uploads\\\/2020\\\/03\\\/DER-PSAIRER-LOGO-2x.png\",\"width\":500,\"height\":500,\"caption\":\"Der Psairer - Speck, Wurst, K\u00e4se\"},\"image\":{\"@id\":\"https:\\\/\\\/derpsairer.it\\\/it\\\/#\\\/schema\\\/logo\\\/image\\\/\"},\"sameAs\":[\"https:\\\/\\\/www.facebook.com\\\/profile.php?id=100063648246860\"]}]}<\/script>\n<!-- \/ Yoast SEO plugin. -->","yoast_head_json":{"title":"Miscela di spezie Spaghettata all\u2019Italiana \u2013 Classico italiano - Der Psairer - Speck, Wurst, K\u00e4se","description":"La miscela di spezie Spaghettata all'Italiana \u00e8 una spezia delicata per pasta, ideale per condire pasta, sughi di pomodoro, verdure e carne con un aroma mediterraneo.","robots":{"index":"index","follow":"follow","max-snippet":"max-snippet:-1","max-image-preview":"max-image-preview:large","max-video-preview":"max-video-preview:-1"},"canonical":"https:\/\/derpsairer.it\/it\/produkt\/miscela-di-spezie-per-spaghettata-allitaliana\/","og_locale":"it_IT","og_type":"article","og_title":"Miscela di spezie Spaghettata all\u2019Italiana \u2013 Classico italiano - Der Psairer - Speck, Wurst, K\u00e4se","og_description":"La miscela di spezie Spaghettata all'Italiana \u00e8 una spezia delicata per pasta, ideale per condire pasta, sughi di pomodoro, verdure e carne con un aroma mediterraneo.","og_url":"https:\/\/derpsairer.it\/it\/produkt\/miscela-di-spezie-per-spaghettata-allitaliana\/","og_site_name":"Der Psairer - Speck, Wurst, K\u00e4se","article_publisher":"https:\/\/www.facebook.com\/profile.php?id=100063648246860","article_modified_time":"2025-12-12T16:14:41+00:00","og_image":[{"width":924,"height":1386,"url":"https:\/\/derpsairer.it\/wp-22\/wp-content\/uploads\/2024\/02\/Gewuerzmischung-Spaghettata-all-Italiana.jpg","type":"image\/jpeg"}],"schema":{"@context":"https:\/\/schema.org","@graph":[{"@type":"WebPage","@id":"https:\/\/derpsairer.it\/it\/produkt\/miscela-di-spezie-per-spaghettata-allitaliana\/","url":"https:\/\/derpsairer.it\/it\/produkt\/miscela-di-spezie-per-spaghettata-allitaliana\/","name":"Miscela di spezie Spaghettata all\u2019Italiana \u2013 Classico italiano - Der Psairer - Speck, Wurst, K\u00e4se","isPartOf":{"@id":"https:\/\/derpsairer.it\/it\/#website"},"primaryImageOfPage":{"@id":"https:\/\/derpsairer.it\/it\/produkt\/miscela-di-spezie-per-spaghettata-allitaliana\/#primaryimage"},"image":{"@id":"https:\/\/derpsairer.it\/it\/produkt\/miscela-di-spezie-per-spaghettata-allitaliana\/#primaryimage"},"thumbnailUrl":"https:\/\/derpsairer.it\/wp-22\/wp-content\/uploads\/2024\/02\/Gewuerzmischung-Spaghettata-all-Italiana.jpg","datePublished":"2024-02-28T08:40:55+00:00","dateModified":"2025-12-12T16:14:41+00:00","description":"La miscela di spezie Spaghettata all'Italiana \u00e8 una spezia delicata per pasta, ideale per condire pasta, sughi di pomodoro, verdure e carne con un aroma mediterraneo.","breadcrumb":{"@id":"https:\/\/derpsairer.it\/it\/produkt\/miscela-di-spezie-per-spaghettata-allitaliana\/#breadcrumb"},"inLanguage":"it-IT","potentialAction":[{"@type":"ReadAction","target":["https:\/\/derpsairer.it\/it\/produkt\/miscela-di-spezie-per-spaghettata-allitaliana\/"]}]},{"@type":"ImageObject","inLanguage":"it-IT","@id":"https:\/\/derpsairer.it\/it\/produkt\/miscela-di-spezie-per-spaghettata-allitaliana\/#primaryimage","url":"https:\/\/derpsairer.it\/wp-22\/wp-content\/uploads\/2024\/02\/Gewuerzmischung-Spaghettata-all-Italiana.jpg","contentUrl":"https:\/\/derpsairer.it\/wp-22\/wp-content\/uploads\/2024\/02\/Gewuerzmischung-Spaghettata-all-Italiana.jpg","width":924,"height":1386},{"@type":"BreadcrumbList","@id":"https:\/\/derpsairer.it\/it\/produkt\/miscela-di-spezie-per-spaghettata-allitaliana\/#breadcrumb","itemListElement":[{"@type":"ListItem","position":1,"name":"Home","item":"https:\/\/derpsairer.it\/it\/il-negozio-di-speck-der-psairer\/"},{"@type":"ListItem","position":2,"name":"Shop","item":"https:\/\/derpsairer.it\/shop\/"},{"@type":"ListItem","position":3,"name":"Miscela di spezie per Spaghettata all&#8217;Italiana \u2013 spezia delicata italiana per pasta"}]},{"@type":"WebSite","@id":"https:\/\/derpsairer.it\/it\/#website","url":"https:\/\/derpsairer.it\/it\/","name":"Der Psairer - Speck, Wurst, K\u00e4se","description":"Speck, Wurst und K\u00e4s aus Passeiertal in S\u00fcdtirol online bestellen.","publisher":{"@id":"https:\/\/derpsairer.it\/it\/#organization"},"potentialAction":[{"@type":"SearchAction","target":{"@type":"EntryPoint","urlTemplate":"https:\/\/derpsairer.it\/it\/?s={search_term_string}"},"query-input":{"@type":"PropertyValueSpecification","valueRequired":true,"valueName":"search_term_string"}}],"inLanguage":"it-IT"},{"@type":"Organization","@id":"https:\/\/derpsairer.it\/it\/#organization","name":"Der Psairer - Speck, Wurst, K\u00e4se","url":"https:\/\/derpsairer.it\/it\/","logo":{"@type":"ImageObject","inLanguage":"it-IT","@id":"https:\/\/derpsairer.it\/it\/#\/schema\/logo\/image\/","url":"https:\/\/derpsairer.it\/wp-22\/wp-content\/uploads\/2020\/03\/DER-PSAIRER-LOGO-2x.png","contentUrl":"https:\/\/derpsairer.it\/wp-22\/wp-content\/uploads\/2020\/03\/DER-PSAIRER-LOGO-2x.png","width":500,"height":500,"caption":"Der Psairer - Speck, Wurst, K\u00e4se"},"image":{"@id":"https:\/\/derpsairer.it\/it\/#\/schema\/logo\/image\/"},"sameAs":["https:\/\/www.facebook.com\/profile.php?id=100063648246860"]}]}},"_links":{"self":[{"href":"https:\/\/derpsairer.it\/it\/wp-json\/wp\/v2\/product\/5413","targetHints":{"allow":["GET"]}}],"collection":[{"href":"https:\/\/derpsairer.it\/it\/wp-json\/wp\/v2\/product"}],"about":[{"href":"https:\/\/derpsairer.it\/it\/wp-json\/wp\/v2\/types\/product"}],"wp:featuredmedia":[{"embeddable":true,"href":"https:\/\/derpsairer.it\/it\/wp-json\/wp\/v2\/media\/5690"}],"wp:attachment":[{"href":"https:\/\/derpsairer.it\/it\/wp-json\/wp\/v2\/media?parent=5413"}],"wp:term":[{"taxonomy":"product_brand","embeddable":true,"href":"https:\/\/derpsairer.it\/it\/wp-json\/wp\/v2\/product_brand?post=5413"},{"taxonomy":"product_cat","embeddable":true,"href":"https:\/\/derpsairer.it\/it\/wp-json\/wp\/v2\/product_cat?post=5413"},{"taxonomy":"product_tag","embeddable":true,"href":"https:\/\/derpsairer.it\/it\/wp-json\/wp\/v2\/product_tag?post=5413"}],"curies":[{"name":"wp","href":"https:\/\/api.w.org\/{rel}","templated":true}]}}