{"id":5454,"date":"2023-03-14T15:21:19","date_gmt":"2023-03-14T14:21:19","guid":{"rendered":"https:\/\/derpsairer.it\/produkt\/meraner-vernatsch-festival\/"},"modified":"2025-12-13T16:14:28","modified_gmt":"2025-12-13T15:14:28","slug":"meraner-vernatsch-festival","status":"publish","type":"product","link":"https:\/\/derpsairer.it\/it\/produkt\/meraner-vernatsch-festival\/","title":{"rendered":"Meraner Vernatsch Festival \u2013 vino rosso dell&#8217;Alto Adige leggero e fruttato"},"content":{"rendered":"[vc_row type=&#8221;in_container&#8221; full_screen_row_position=&#8221;middle&#8221; column_margin=&#8221;default&#8221; column_direction=&#8221;default&#8221; column_direction_tablet=&#8221;default&#8221; column_direction_phone=&#8221;default&#8221; scene_position=&#8221;center&#8221; text_color=&#8221;dark&#8221; text_align=&#8221;left&#8221; row_border_radius=&#8221;none&#8221; row_border_radius_applies=&#8221;bg&#8221; overflow=&#8221;visible&#8221; overlay_strength=&#8221;0.3&#8243; gradient_direction=&#8221;left_to_right&#8221; shape_divider_position=&#8221;bottom&#8221; bg_image_animation=&#8221;none&#8221;][vc_column column_padding=&#8221;no-extra-padding&#8221; column_padding_tablet=&#8221;inherit&#8221; column_padding_phone=&#8221;inherit&#8221; column_padding_position=&#8221;all&#8221; column_element_direction_desktop=&#8221;default&#8221; column_element_spacing=&#8221;default&#8221; desktop_text_alignment=&#8221;default&#8221; tablet_text_alignment=&#8221;default&#8221; phone_text_alignment=&#8221;default&#8221; background_color_opacity=&#8221;1&#8243; background_hover_color_opacity=&#8221;1&#8243; column_backdrop_filter=&#8221;none&#8221; column_shadow=&#8221;none&#8221; column_border_radius=&#8221;none&#8221; column_link_target=&#8221;_self&#8221; column_position=&#8221;default&#8221; gradient_direction=&#8221;left_to_right&#8221; overlay_strength=&#8221;0.3&#8243; width=&#8221;1\/1&#8243; tablet_width_inherit=&#8221;default&#8221; animation_type=&#8221;default&#8221; bg_image_animation=&#8221;none&#8221; border_type=&#8221;simple&#8221; column_border_width=&#8221;none&#8221; column_border_style=&#8221;solid&#8221;][vc_column_text text_direction=&#8221;default&#8221;]\n<p data-start=\"86\" data-end=\"612\">Il Meraner Vernatsch &#8220;Festival&#8221; rappresenta la tradizione vinicola altoatesina e un piacere di bere senza complicazioni. In quanto vitigno rosso autoctono pi\u00f9 antico dell&#8217;Alto Adige, il Vernatsch si presenta qui particolarmente fresco, fruttato ed equilibrato. La struttura leggera, i raffinati aromi fruttati e la piacevole bevibilit\u00e0 lo rendono un versatile accompagnamento ai pasti. Servito fresco, \u00e8 ideale anche come aperitivo e si abbina perfettamente ai piatti tradizionali altoatesini e ai classici italiani.   <\/p>\n<p data-start=\"614\" data-end=\"631\"><strong>Cantina:<\/strong><br data-start=\"623\" data-end=\"626\">Merano<\/p>\n<p data-start=\"633\" data-end=\"662\"><strong>Vitigno:<\/strong><br data-start=\"642\" data-end=\"645\">Meraner Vernatsch<\/p>\n<p data-start=\"664\" data-end=\"774\"><strong>Abbinamenti consigliati:<\/strong><br data-start=\"681\" data-end=\"684\">Antipasti, speck, specialit\u00e0 di salumi, formaggi, piatti tradizionali casalinghi, vitello<\/p>\n<p data-start=\"776\" data-end=\"912\"><strong>Vinificazione:<\/strong><br data-start=\"783\" data-end=\"786\">Fermentazione tradizionale in rosso in vasche di acciaio inox<br data-start=\"830\" data-end=\"833\">Fermentazione malolattica<br data-start=\"856\" data-end=\"859\">Affinamento sui lieviti fini in grandi botti di rovere<\/p>\n<p data-start=\"914\" data-end=\"943\"><strong>Temperatura di servizio:<\/strong><br data-start=\"932\" data-end=\"935\">12\u201314 \u00b0C<\/p>\n<p data-start=\"945\" data-end=\"968\"><strong>Gradazione alcolica:<\/strong><br data-start=\"959\" data-end=\"962\">13,5%<\/p>\n<p data-start=\"970\" data-end=\"986\"><strong>Contenuto:<\/strong><br data-start=\"977\" data-end=\"980\">0,75 l<\/p>\n<p data-start=\"988\" data-end=\"1032\"><strong>Provenienza:<\/strong><br data-start=\"997\" data-end=\"1000\">K\u00fcchelberg, Labers, St. Valentin<\/p>\n<p data-start=\"1034\" data-end=\"1050\"><strong>Contiene solfiti<\/strong><\/p>\n[\/vc_column_text][\/vc_column][\/vc_row]\n","protected":false},"excerpt":{"rendered":"<p>\u2022 Vitigno autoctono dell&#8217;Alto Adige<br data-start=\"1464\" data-end=\"1467\">\u2022 Fresco e fruttato<br data-start=\"1488\" data-end=\"1491\">\u2022 Stile leggero e beverino<br data-start=\"1522\" data-end=\"1525\">\u2022 Versatile abbinamento gastronomico<br data-start=\"1556\" data-end=\"1559\">\u2022 Ottimo anche fresco<\/p>\n","protected":false},"featured_media":5455,"template":"","meta":[],"product_brand":[],"product_cat":[188],"product_tag":[3003,2654,2062,3879,3923,2636,2189,2361,2882,1442,2360,2059],"class_list":{"0":"post-5454","1":"product","2":"type-product","3":"status-publish","4":"has-post-thumbnail","6":"product_cat-vino-distillati","7":"product_tag-acciaio-inox","8":"product_tag-botte-di-rovere","9":"product_tag-con-formaggio","10":"product_tag-con-salsiccia","11":"product_tag-facile-da-bere","12":"product_tag-festival","13":"product_tag-fruttato","14":"product_tag-leggero","15":"product_tag-merano","16":"product_tag-vernatsch","17":"product_tag-vino-da-tavola-3","18":"product_tag-vino-rosso-altoatesino-2","20":"first","21":"instock","22":"taxable","23":"shipping-taxable","24":"purchasable","25":"product-type-simple"},"yoast_head":"<!-- This site is optimized with the Yoast SEO plugin v27.5 - https:\/\/yoast.com\/product\/yoast-seo-wordpress\/ -->\n<title>Festival del Vernatsch di Merano \u2013 Vino rosso fruttato dell&#039;Alto Adige - Der Psairer - Speck, Wurst, K\u00e4se<\/title>\n<meta name=\"description\" content=\"Meraner Vernatsch Festival \u00e8 un vino rosso dell&#039;Alto Adige leggero e fruttato, ideale con speck, formaggio, antipasti e piatti casalinghi.\" \/>\n<meta name=\"robots\" content=\"index, follow, max-snippet:-1, max-image-preview:large, max-video-preview:-1\" \/>\n<link rel=\"canonical\" href=\"https:\/\/derpsairer.it\/it\/produkt\/meraner-vernatsch-festival\/\" \/>\n<meta property=\"og:locale\" content=\"it_IT\" \/>\n<meta property=\"og:type\" content=\"article\" \/>\n<meta property=\"og:title\" content=\"Festival del Vernatsch di Merano \u2013 Vino rosso fruttato dell&#039;Alto Adige - Der Psairer - Speck, Wurst, K\u00e4se\" \/>\n<meta property=\"og:description\" content=\"Meraner Vernatsch Festival \u00e8 un vino rosso dell&#039;Alto Adige leggero e fruttato, ideale con speck, formaggio, antipasti e piatti casalinghi.\" \/>\n<meta property=\"og:url\" content=\"https:\/\/derpsairer.it\/it\/produkt\/meraner-vernatsch-festival\/\" \/>\n<meta property=\"og:site_name\" content=\"Der Psairer - Speck, Wurst, K\u00e4se\" \/>\n<meta property=\"article:publisher\" content=\"https:\/\/www.facebook.com\/profile.php?id=100063648246860\" \/>\n<meta property=\"article:modified_time\" content=\"2025-12-13T15:14:28+00:00\" \/>\n<meta property=\"og:image\" content=\"https:\/\/derpsairer.it\/wp-22\/wp-content\/uploads\/2023\/03\/meraner-festival.jpg\" \/>\n\t<meta property=\"og:image:width\" content=\"458\" \/>\n\t<meta property=\"og:image:height\" content=\"458\" \/>\n\t<meta property=\"og:image:type\" content=\"image\/jpeg\" \/>\n<meta name=\"twitter:label1\" content=\"Tempo di lettura stimato\" \/>\n\t<meta name=\"twitter:data1\" content=\"1 minute\" \/>\n<script type=\"application\/ld+json\" class=\"yoast-schema-graph\">{\"@context\":\"https:\\\/\\\/schema.org\",\"@graph\":[{\"@type\":\"WebPage\",\"@id\":\"https:\\\/\\\/derpsairer.it\\\/it\\\/produkt\\\/meraner-vernatsch-festival\\\/\",\"url\":\"https:\\\/\\\/derpsairer.it\\\/it\\\/produkt\\\/meraner-vernatsch-festival\\\/\",\"name\":\"Festival del Vernatsch di Merano \u2013 Vino rosso fruttato dell'Alto Adige - Der Psairer - Speck, Wurst, K\u00e4se\",\"isPartOf\":{\"@id\":\"https:\\\/\\\/derpsairer.it\\\/it\\\/#website\"},\"primaryImageOfPage\":{\"@id\":\"https:\\\/\\\/derpsairer.it\\\/it\\\/produkt\\\/meraner-vernatsch-festival\\\/#primaryimage\"},\"image\":{\"@id\":\"https:\\\/\\\/derpsairer.it\\\/it\\\/produkt\\\/meraner-vernatsch-festival\\\/#primaryimage\"},\"thumbnailUrl\":\"https:\\\/\\\/derpsairer.it\\\/wp-22\\\/wp-content\\\/uploads\\\/2023\\\/03\\\/meraner-festival.jpg\",\"datePublished\":\"2023-03-14T14:21:19+00:00\",\"dateModified\":\"2025-12-13T15:14:28+00:00\",\"description\":\"Meraner Vernatsch Festival \u00e8 un vino rosso dell'Alto Adige leggero e fruttato, ideale con speck, formaggio, antipasti e piatti casalinghi.\",\"breadcrumb\":{\"@id\":\"https:\\\/\\\/derpsairer.it\\\/it\\\/produkt\\\/meraner-vernatsch-festival\\\/#breadcrumb\"},\"inLanguage\":\"it-IT\",\"potentialAction\":[{\"@type\":\"ReadAction\",\"target\":[\"https:\\\/\\\/derpsairer.it\\\/it\\\/produkt\\\/meraner-vernatsch-festival\\\/\"]}]},{\"@type\":\"ImageObject\",\"inLanguage\":\"it-IT\",\"@id\":\"https:\\\/\\\/derpsairer.it\\\/it\\\/produkt\\\/meraner-vernatsch-festival\\\/#primaryimage\",\"url\":\"https:\\\/\\\/derpsairer.it\\\/wp-22\\\/wp-content\\\/uploads\\\/2023\\\/03\\\/meraner-festival.jpg\",\"contentUrl\":\"https:\\\/\\\/derpsairer.it\\\/wp-22\\\/wp-content\\\/uploads\\\/2023\\\/03\\\/meraner-festival.jpg\",\"width\":458,\"height\":458},{\"@type\":\"BreadcrumbList\",\"@id\":\"https:\\\/\\\/derpsairer.it\\\/it\\\/produkt\\\/meraner-vernatsch-festival\\\/#breadcrumb\",\"itemListElement\":[{\"@type\":\"ListItem\",\"position\":1,\"name\":\"Home\",\"item\":\"https:\\\/\\\/derpsairer.it\\\/it\\\/il-negozio-di-speck-der-psairer\\\/\"},{\"@type\":\"ListItem\",\"position\":2,\"name\":\"Shop\",\"item\":\"https:\\\/\\\/derpsairer.it\\\/shop\\\/\"},{\"@type\":\"ListItem\",\"position\":3,\"name\":\"Meraner Vernatsch Festival \u2013 vino rosso dell&#8217;Alto Adige leggero e fruttato\"}]},{\"@type\":\"WebSite\",\"@id\":\"https:\\\/\\\/derpsairer.it\\\/it\\\/#website\",\"url\":\"https:\\\/\\\/derpsairer.it\\\/it\\\/\",\"name\":\"Der Psairer - Speck, Wurst, K\u00e4se\",\"description\":\"Speck, Wurst und K\u00e4s aus Passeiertal in S\u00fcdtirol online bestellen.\",\"publisher\":{\"@id\":\"https:\\\/\\\/derpsairer.it\\\/it\\\/#organization\"},\"potentialAction\":[{\"@type\":\"SearchAction\",\"target\":{\"@type\":\"EntryPoint\",\"urlTemplate\":\"https:\\\/\\\/derpsairer.it\\\/it\\\/?s={search_term_string}\"},\"query-input\":{\"@type\":\"PropertyValueSpecification\",\"valueRequired\":true,\"valueName\":\"search_term_string\"}}],\"inLanguage\":\"it-IT\"},{\"@type\":\"Organization\",\"@id\":\"https:\\\/\\\/derpsairer.it\\\/it\\\/#organization\",\"name\":\"Der Psairer - Speck, Wurst, K\u00e4se\",\"url\":\"https:\\\/\\\/derpsairer.it\\\/it\\\/\",\"logo\":{\"@type\":\"ImageObject\",\"inLanguage\":\"it-IT\",\"@id\":\"https:\\\/\\\/derpsairer.it\\\/it\\\/#\\\/schema\\\/logo\\\/image\\\/\",\"url\":\"https:\\\/\\\/derpsairer.it\\\/wp-22\\\/wp-content\\\/uploads\\\/2020\\\/03\\\/DER-PSAIRER-LOGO-2x.png\",\"contentUrl\":\"https:\\\/\\\/derpsairer.it\\\/wp-22\\\/wp-content\\\/uploads\\\/2020\\\/03\\\/DER-PSAIRER-LOGO-2x.png\",\"width\":500,\"height\":500,\"caption\":\"Der Psairer - Speck, Wurst, K\u00e4se\"},\"image\":{\"@id\":\"https:\\\/\\\/derpsairer.it\\\/it\\\/#\\\/schema\\\/logo\\\/image\\\/\"},\"sameAs\":[\"https:\\\/\\\/www.facebook.com\\\/profile.php?id=100063648246860\"]}]}<\/script>\n<!-- \/ Yoast SEO plugin. -->","yoast_head_json":{"title":"Festival del Vernatsch di Merano \u2013 Vino rosso fruttato dell'Alto Adige - Der Psairer - Speck, Wurst, K\u00e4se","description":"Meraner Vernatsch Festival \u00e8 un vino rosso dell'Alto Adige leggero e fruttato, ideale con speck, formaggio, antipasti e piatti casalinghi.","robots":{"index":"index","follow":"follow","max-snippet":"max-snippet:-1","max-image-preview":"max-image-preview:large","max-video-preview":"max-video-preview:-1"},"canonical":"https:\/\/derpsairer.it\/it\/produkt\/meraner-vernatsch-festival\/","og_locale":"it_IT","og_type":"article","og_title":"Festival del Vernatsch di Merano \u2013 Vino rosso fruttato dell'Alto Adige - Der Psairer - Speck, Wurst, K\u00e4se","og_description":"Meraner Vernatsch Festival \u00e8 un vino rosso dell'Alto Adige leggero e fruttato, ideale con speck, formaggio, antipasti e piatti casalinghi.","og_url":"https:\/\/derpsairer.it\/it\/produkt\/meraner-vernatsch-festival\/","og_site_name":"Der Psairer - Speck, Wurst, K\u00e4se","article_publisher":"https:\/\/www.facebook.com\/profile.php?id=100063648246860","article_modified_time":"2025-12-13T15:14:28+00:00","og_image":[{"width":458,"height":458,"url":"https:\/\/derpsairer.it\/wp-22\/wp-content\/uploads\/2023\/03\/meraner-festival.jpg","type":"image\/jpeg"}],"twitter_misc":{"Tempo di lettura stimato":"1 minute"},"schema":{"@context":"https:\/\/schema.org","@graph":[{"@type":"WebPage","@id":"https:\/\/derpsairer.it\/it\/produkt\/meraner-vernatsch-festival\/","url":"https:\/\/derpsairer.it\/it\/produkt\/meraner-vernatsch-festival\/","name":"Festival del Vernatsch di Merano \u2013 Vino rosso fruttato dell'Alto Adige - Der Psairer - Speck, Wurst, K\u00e4se","isPartOf":{"@id":"https:\/\/derpsairer.it\/it\/#website"},"primaryImageOfPage":{"@id":"https:\/\/derpsairer.it\/it\/produkt\/meraner-vernatsch-festival\/#primaryimage"},"image":{"@id":"https:\/\/derpsairer.it\/it\/produkt\/meraner-vernatsch-festival\/#primaryimage"},"thumbnailUrl":"https:\/\/derpsairer.it\/wp-22\/wp-content\/uploads\/2023\/03\/meraner-festival.jpg","datePublished":"2023-03-14T14:21:19+00:00","dateModified":"2025-12-13T15:14:28+00:00","description":"Meraner Vernatsch Festival \u00e8 un vino rosso dell'Alto Adige leggero e fruttato, ideale con speck, formaggio, antipasti e piatti casalinghi.","breadcrumb":{"@id":"https:\/\/derpsairer.it\/it\/produkt\/meraner-vernatsch-festival\/#breadcrumb"},"inLanguage":"it-IT","potentialAction":[{"@type":"ReadAction","target":["https:\/\/derpsairer.it\/it\/produkt\/meraner-vernatsch-festival\/"]}]},{"@type":"ImageObject","inLanguage":"it-IT","@id":"https:\/\/derpsairer.it\/it\/produkt\/meraner-vernatsch-festival\/#primaryimage","url":"https:\/\/derpsairer.it\/wp-22\/wp-content\/uploads\/2023\/03\/meraner-festival.jpg","contentUrl":"https:\/\/derpsairer.it\/wp-22\/wp-content\/uploads\/2023\/03\/meraner-festival.jpg","width":458,"height":458},{"@type":"BreadcrumbList","@id":"https:\/\/derpsairer.it\/it\/produkt\/meraner-vernatsch-festival\/#breadcrumb","itemListElement":[{"@type":"ListItem","position":1,"name":"Home","item":"https:\/\/derpsairer.it\/it\/il-negozio-di-speck-der-psairer\/"},{"@type":"ListItem","position":2,"name":"Shop","item":"https:\/\/derpsairer.it\/shop\/"},{"@type":"ListItem","position":3,"name":"Meraner Vernatsch Festival \u2013 vino rosso dell&#8217;Alto Adige leggero e fruttato"}]},{"@type":"WebSite","@id":"https:\/\/derpsairer.it\/it\/#website","url":"https:\/\/derpsairer.it\/it\/","name":"Der Psairer - Speck, Wurst, K\u00e4se","description":"Speck, Wurst und K\u00e4s aus Passeiertal in S\u00fcdtirol online bestellen.","publisher":{"@id":"https:\/\/derpsairer.it\/it\/#organization"},"potentialAction":[{"@type":"SearchAction","target":{"@type":"EntryPoint","urlTemplate":"https:\/\/derpsairer.it\/it\/?s={search_term_string}"},"query-input":{"@type":"PropertyValueSpecification","valueRequired":true,"valueName":"search_term_string"}}],"inLanguage":"it-IT"},{"@type":"Organization","@id":"https:\/\/derpsairer.it\/it\/#organization","name":"Der Psairer - Speck, Wurst, K\u00e4se","url":"https:\/\/derpsairer.it\/it\/","logo":{"@type":"ImageObject","inLanguage":"it-IT","@id":"https:\/\/derpsairer.it\/it\/#\/schema\/logo\/image\/","url":"https:\/\/derpsairer.it\/wp-22\/wp-content\/uploads\/2020\/03\/DER-PSAIRER-LOGO-2x.png","contentUrl":"https:\/\/derpsairer.it\/wp-22\/wp-content\/uploads\/2020\/03\/DER-PSAIRER-LOGO-2x.png","width":500,"height":500,"caption":"Der Psairer - Speck, Wurst, K\u00e4se"},"image":{"@id":"https:\/\/derpsairer.it\/it\/#\/schema\/logo\/image\/"},"sameAs":["https:\/\/www.facebook.com\/profile.php?id=100063648246860"]}]}},"_links":{"self":[{"href":"https:\/\/derpsairer.it\/it\/wp-json\/wp\/v2\/product\/5454","targetHints":{"allow":["GET"]}}],"collection":[{"href":"https:\/\/derpsairer.it\/it\/wp-json\/wp\/v2\/product"}],"about":[{"href":"https:\/\/derpsairer.it\/it\/wp-json\/wp\/v2\/types\/product"}],"wp:featuredmedia":[{"embeddable":true,"href":"https:\/\/derpsairer.it\/it\/wp-json\/wp\/v2\/media\/5455"}],"wp:attachment":[{"href":"https:\/\/derpsairer.it\/it\/wp-json\/wp\/v2\/media?parent=5454"}],"wp:term":[{"taxonomy":"product_brand","embeddable":true,"href":"https:\/\/derpsairer.it\/it\/wp-json\/wp\/v2\/product_brand?post=5454"},{"taxonomy":"product_cat","embeddable":true,"href":"https:\/\/derpsairer.it\/it\/wp-json\/wp\/v2\/product_cat?post=5454"},{"taxonomy":"product_tag","embeddable":true,"href":"https:\/\/derpsairer.it\/it\/wp-json\/wp\/v2\/product_tag?post=5454"}],"curies":[{"name":"wp","href":"https:\/\/api.w.org\/{rel}","templated":true}]}}