{"id":6659,"date":"2026-04-25T18:25:43","date_gmt":"2026-04-25T16:25:43","guid":{"rendered":"https:\/\/derpsairer.it\/?post_type=product&#038;p=6659"},"modified":"2026-04-25T21:31:43","modified_gmt":"2026-04-25T19:31:43","slug":"aceto-balsamico-di-mele-aceto-di-mele-agrodolce-dellalto-adige-kopie","status":"publish","type":"product","link":"https:\/\/derpsairer.it\/it\/produkt\/aceto-balsamico-di-mele-aceto-di-mele-agrodolce-dellalto-adige-kopie\/","title":{"rendered":"Aceto Balsamico Premium alle Mele Flungerhof \u2013 fruttato e delicato da Fi\u00e8 allo Sciliar"},"content":{"rendered":"<p data-start=\"74\" data-end=\"520\">L&#8217;Aceto Balsamico Premium alle Mele del Flungerhof a Fi\u00e8 allo Sciliar convince per il suo equilibrato connubio tra nota fruttata di mela e acidit\u00e0 fine e delicata. Prodotto con cura da mele di alta qualit\u00e0, nasce un balsamico armonioso con piacevole dolcezza e carattere versatile. Ideale per raffinare insalate, piatti di verdure, formaggi o come nota speciale in condimenti e marinate. La sua elegante freschezza lo rende una specialit\u00e0 pregiata dell&#8217;Alto Adige.   <\/p>\n<p data-start=\"522\" data-end=\"556\">Contenuto: 500 ml<\/p>\n","protected":false},"excerpt":{"rendered":"<p>\u2022 Nota fruttata di mela<br \/>\n\u2022 Acidit\u00e0 delicata e fine<br \/>\n\u2022 Da Fi\u00e8 allo Sciliar<br \/>\n\u2022 Ideale per insalate e formaggi<br \/>\n\u2022 Specialit\u00e0 Premium<\/p>\n","protected":false},"featured_media":6661,"template":"","meta":[],"product_brand":[],"product_cat":[191],"product_tag":[3186,2186,1945,1777,4060,2187,282,4055,4059,1814,2191],"class_list":{"0":"post-6659","1":"product","2":"type-product","3":"status-publish","4":"has-post-thumbnail","6":"product_cat-altre-delizie","7":"product_tag-aceto-balsamico-di-mele","8":"product_tag-aceto-di-mele","9":"product_tag-alto-adige","10":"product_tag-balsamico","11":"product_tag-balsamico-premium","12":"product_tag-condimento-2","13":"product_tag-feinkost","14":"product_tag-fie-allo-sciliar","15":"product_tag-flungerhof","16":"product_tag-formaggio","17":"product_tag-marinata","19":"first","20":"instock","21":"shipping-taxable","22":"purchasable","23":"product-type-simple"},"yoast_head":"<!-- This site is optimized with the Yoast SEO plugin v27.4 - https:\/\/yoast.com\/product\/yoast-seo-wordpress\/ -->\n<title>Aceto Balsamico alle Mele Flungerhof \u2013 Balsamico Premium dall&#039;Alto Adige - Der Psairer - Speck, Wurst, K\u00e4se<\/title>\n<meta name=\"description\" content=\"Aceto Balsamico alle Mele Flungerhof da Fi\u00e8 allo Sciliar con nota fruttata di mela, acidit\u00e0 delicata e dolcezza raffinata.\" \/>\n<meta name=\"robots\" content=\"index, follow, max-snippet:-1, max-image-preview:large, max-video-preview:-1\" \/>\n<link rel=\"canonical\" href=\"https:\/\/derpsairer.it\/it\/produkt\/aceto-balsamico-di-mele-aceto-di-mele-agrodolce-dellalto-adige-kopie\/\" \/>\n<meta property=\"og:locale\" content=\"it_IT\" \/>\n<meta property=\"og:type\" content=\"article\" \/>\n<meta property=\"og:title\" content=\"Aceto Balsamico alle Mele Flungerhof \u2013 Balsamico Premium dall&#039;Alto Adige - Der Psairer - Speck, Wurst, K\u00e4se\" \/>\n<meta property=\"og:description\" content=\"Aceto Balsamico alle Mele Flungerhof da Fi\u00e8 allo Sciliar con nota fruttata di mela, acidit\u00e0 delicata e dolcezza raffinata.\" \/>\n<meta property=\"og:url\" content=\"https:\/\/derpsairer.it\/it\/produkt\/aceto-balsamico-di-mele-aceto-di-mele-agrodolce-dellalto-adige-kopie\/\" \/>\n<meta property=\"og:site_name\" content=\"Der Psairer - Speck, Wurst, K\u00e4se\" \/>\n<meta property=\"article:publisher\" content=\"https:\/\/www.facebook.com\/profile.php?id=100063648246860\" \/>\n<meta property=\"article:modified_time\" content=\"2026-04-25T19:31:43+00:00\" \/>\n<meta property=\"og:image\" content=\"https:\/\/derpsairer.it\/wp-22\/wp-content\/uploads\/2026\/04\/20260425_180531-removebg-preview.png\" \/>\n\t<meta property=\"og:image:width\" content=\"500\" \/>\n\t<meta property=\"og:image:height\" content=\"500\" \/>\n\t<meta property=\"og:image:type\" content=\"image\/png\" \/>\n<script type=\"application\/ld+json\" class=\"yoast-schema-graph\">{\"@context\":\"https:\\\/\\\/schema.org\",\"@graph\":[{\"@type\":\"WebPage\",\"@id\":\"https:\\\/\\\/derpsairer.it\\\/it\\\/produkt\\\/aceto-balsamico-di-mele-aceto-di-mele-agrodolce-dellalto-adige-kopie\\\/\",\"url\":\"https:\\\/\\\/derpsairer.it\\\/it\\\/produkt\\\/aceto-balsamico-di-mele-aceto-di-mele-agrodolce-dellalto-adige-kopie\\\/\",\"name\":\"Aceto Balsamico alle Mele Flungerhof \u2013 Balsamico Premium dall'Alto Adige - Der Psairer - Speck, Wurst, K\u00e4se\",\"isPartOf\":{\"@id\":\"https:\\\/\\\/derpsairer.it\\\/it\\\/#website\"},\"primaryImageOfPage\":{\"@id\":\"https:\\\/\\\/derpsairer.it\\\/it\\\/produkt\\\/aceto-balsamico-di-mele-aceto-di-mele-agrodolce-dellalto-adige-kopie\\\/#primaryimage\"},\"image\":{\"@id\":\"https:\\\/\\\/derpsairer.it\\\/it\\\/produkt\\\/aceto-balsamico-di-mele-aceto-di-mele-agrodolce-dellalto-adige-kopie\\\/#primaryimage\"},\"thumbnailUrl\":\"https:\\\/\\\/derpsairer.it\\\/wp-22\\\/wp-content\\\/uploads\\\/2026\\\/04\\\/20260425_180531-removebg-preview.png\",\"datePublished\":\"2026-04-25T16:25:43+00:00\",\"dateModified\":\"2026-04-25T19:31:43+00:00\",\"description\":\"Aceto Balsamico alle Mele Flungerhof da Fi\u00e8 allo Sciliar con nota fruttata di mela, acidit\u00e0 delicata e dolcezza raffinata.\",\"breadcrumb\":{\"@id\":\"https:\\\/\\\/derpsairer.it\\\/it\\\/produkt\\\/aceto-balsamico-di-mele-aceto-di-mele-agrodolce-dellalto-adige-kopie\\\/#breadcrumb\"},\"inLanguage\":\"it-IT\",\"potentialAction\":[{\"@type\":\"ReadAction\",\"target\":[\"https:\\\/\\\/derpsairer.it\\\/it\\\/produkt\\\/aceto-balsamico-di-mele-aceto-di-mele-agrodolce-dellalto-adige-kopie\\\/\"]}]},{\"@type\":\"ImageObject\",\"inLanguage\":\"it-IT\",\"@id\":\"https:\\\/\\\/derpsairer.it\\\/it\\\/produkt\\\/aceto-balsamico-di-mele-aceto-di-mele-agrodolce-dellalto-adige-kopie\\\/#primaryimage\",\"url\":\"https:\\\/\\\/derpsairer.it\\\/wp-22\\\/wp-content\\\/uploads\\\/2026\\\/04\\\/20260425_180531-removebg-preview.png\",\"contentUrl\":\"https:\\\/\\\/derpsairer.it\\\/wp-22\\\/wp-content\\\/uploads\\\/2026\\\/04\\\/20260425_180531-removebg-preview.png\",\"width\":500,\"height\":500},{\"@type\":\"BreadcrumbList\",\"@id\":\"https:\\\/\\\/derpsairer.it\\\/it\\\/produkt\\\/aceto-balsamico-di-mele-aceto-di-mele-agrodolce-dellalto-adige-kopie\\\/#breadcrumb\",\"itemListElement\":[{\"@type\":\"ListItem\",\"position\":1,\"name\":\"Home\",\"item\":\"https:\\\/\\\/derpsairer.it\\\/it\\\/il-negozio-di-speck-der-psairer\\\/\"},{\"@type\":\"ListItem\",\"position\":2,\"name\":\"Shop\",\"item\":\"https:\\\/\\\/derpsairer.it\\\/shop\\\/\"},{\"@type\":\"ListItem\",\"position\":3,\"name\":\"Aceto Balsamico Premium alle Mele Flungerhof \u2013 fruttato e delicato da Fi\u00e8 allo Sciliar\"}]},{\"@type\":\"WebSite\",\"@id\":\"https:\\\/\\\/derpsairer.it\\\/it\\\/#website\",\"url\":\"https:\\\/\\\/derpsairer.it\\\/it\\\/\",\"name\":\"Der Psairer - Speck, Wurst, K\u00e4se\",\"description\":\"Speck, Wurst und K\u00e4s aus Passeiertal in S\u00fcdtirol online bestellen.\",\"publisher\":{\"@id\":\"https:\\\/\\\/derpsairer.it\\\/it\\\/#organization\"},\"potentialAction\":[{\"@type\":\"SearchAction\",\"target\":{\"@type\":\"EntryPoint\",\"urlTemplate\":\"https:\\\/\\\/derpsairer.it\\\/it\\\/?s={search_term_string}\"},\"query-input\":{\"@type\":\"PropertyValueSpecification\",\"valueRequired\":true,\"valueName\":\"search_term_string\"}}],\"inLanguage\":\"it-IT\"},{\"@type\":\"Organization\",\"@id\":\"https:\\\/\\\/derpsairer.it\\\/it\\\/#organization\",\"name\":\"Der Psairer - Speck, Wurst, K\u00e4se\",\"url\":\"https:\\\/\\\/derpsairer.it\\\/it\\\/\",\"logo\":{\"@type\":\"ImageObject\",\"inLanguage\":\"it-IT\",\"@id\":\"https:\\\/\\\/derpsairer.it\\\/it\\\/#\\\/schema\\\/logo\\\/image\\\/\",\"url\":\"https:\\\/\\\/derpsairer.it\\\/wp-22\\\/wp-content\\\/uploads\\\/2020\\\/03\\\/DER-PSAIRER-LOGO-2x.png\",\"contentUrl\":\"https:\\\/\\\/derpsairer.it\\\/wp-22\\\/wp-content\\\/uploads\\\/2020\\\/03\\\/DER-PSAIRER-LOGO-2x.png\",\"width\":500,\"height\":500,\"caption\":\"Der Psairer - Speck, Wurst, K\u00e4se\"},\"image\":{\"@id\":\"https:\\\/\\\/derpsairer.it\\\/it\\\/#\\\/schema\\\/logo\\\/image\\\/\"},\"sameAs\":[\"https:\\\/\\\/www.facebook.com\\\/profile.php?id=100063648246860\"]}]}<\/script>\n<!-- \/ Yoast SEO plugin. -->","yoast_head_json":{"title":"Aceto Balsamico alle Mele Flungerhof \u2013 Balsamico Premium dall'Alto Adige - Der Psairer - Speck, Wurst, K\u00e4se","description":"Aceto Balsamico alle Mele Flungerhof da Fi\u00e8 allo Sciliar con nota fruttata di mela, acidit\u00e0 delicata e dolcezza raffinata.","robots":{"index":"index","follow":"follow","max-snippet":"max-snippet:-1","max-image-preview":"max-image-preview:large","max-video-preview":"max-video-preview:-1"},"canonical":"https:\/\/derpsairer.it\/it\/produkt\/aceto-balsamico-di-mele-aceto-di-mele-agrodolce-dellalto-adige-kopie\/","og_locale":"it_IT","og_type":"article","og_title":"Aceto Balsamico alle Mele Flungerhof \u2013 Balsamico Premium dall'Alto Adige - Der Psairer - Speck, Wurst, K\u00e4se","og_description":"Aceto Balsamico alle Mele Flungerhof da Fi\u00e8 allo Sciliar con nota fruttata di mela, acidit\u00e0 delicata e dolcezza raffinata.","og_url":"https:\/\/derpsairer.it\/it\/produkt\/aceto-balsamico-di-mele-aceto-di-mele-agrodolce-dellalto-adige-kopie\/","og_site_name":"Der Psairer - Speck, Wurst, K\u00e4se","article_publisher":"https:\/\/www.facebook.com\/profile.php?id=100063648246860","article_modified_time":"2026-04-25T19:31:43+00:00","og_image":[{"width":500,"height":500,"url":"https:\/\/derpsairer.it\/wp-22\/wp-content\/uploads\/2026\/04\/20260425_180531-removebg-preview.png","type":"image\/png"}],"schema":{"@context":"https:\/\/schema.org","@graph":[{"@type":"WebPage","@id":"https:\/\/derpsairer.it\/it\/produkt\/aceto-balsamico-di-mele-aceto-di-mele-agrodolce-dellalto-adige-kopie\/","url":"https:\/\/derpsairer.it\/it\/produkt\/aceto-balsamico-di-mele-aceto-di-mele-agrodolce-dellalto-adige-kopie\/","name":"Aceto Balsamico alle Mele Flungerhof \u2013 Balsamico Premium dall'Alto Adige - Der Psairer - Speck, Wurst, K\u00e4se","isPartOf":{"@id":"https:\/\/derpsairer.it\/it\/#website"},"primaryImageOfPage":{"@id":"https:\/\/derpsairer.it\/it\/produkt\/aceto-balsamico-di-mele-aceto-di-mele-agrodolce-dellalto-adige-kopie\/#primaryimage"},"image":{"@id":"https:\/\/derpsairer.it\/it\/produkt\/aceto-balsamico-di-mele-aceto-di-mele-agrodolce-dellalto-adige-kopie\/#primaryimage"},"thumbnailUrl":"https:\/\/derpsairer.it\/wp-22\/wp-content\/uploads\/2026\/04\/20260425_180531-removebg-preview.png","datePublished":"2026-04-25T16:25:43+00:00","dateModified":"2026-04-25T19:31:43+00:00","description":"Aceto Balsamico alle Mele Flungerhof da Fi\u00e8 allo Sciliar con nota fruttata di mela, acidit\u00e0 delicata e dolcezza raffinata.","breadcrumb":{"@id":"https:\/\/derpsairer.it\/it\/produkt\/aceto-balsamico-di-mele-aceto-di-mele-agrodolce-dellalto-adige-kopie\/#breadcrumb"},"inLanguage":"it-IT","potentialAction":[{"@type":"ReadAction","target":["https:\/\/derpsairer.it\/it\/produkt\/aceto-balsamico-di-mele-aceto-di-mele-agrodolce-dellalto-adige-kopie\/"]}]},{"@type":"ImageObject","inLanguage":"it-IT","@id":"https:\/\/derpsairer.it\/it\/produkt\/aceto-balsamico-di-mele-aceto-di-mele-agrodolce-dellalto-adige-kopie\/#primaryimage","url":"https:\/\/derpsairer.it\/wp-22\/wp-content\/uploads\/2026\/04\/20260425_180531-removebg-preview.png","contentUrl":"https:\/\/derpsairer.it\/wp-22\/wp-content\/uploads\/2026\/04\/20260425_180531-removebg-preview.png","width":500,"height":500},{"@type":"BreadcrumbList","@id":"https:\/\/derpsairer.it\/it\/produkt\/aceto-balsamico-di-mele-aceto-di-mele-agrodolce-dellalto-adige-kopie\/#breadcrumb","itemListElement":[{"@type":"ListItem","position":1,"name":"Home","item":"https:\/\/derpsairer.it\/it\/il-negozio-di-speck-der-psairer\/"},{"@type":"ListItem","position":2,"name":"Shop","item":"https:\/\/derpsairer.it\/shop\/"},{"@type":"ListItem","position":3,"name":"Aceto Balsamico Premium alle Mele Flungerhof \u2013 fruttato e delicato da Fi\u00e8 allo Sciliar"}]},{"@type":"WebSite","@id":"https:\/\/derpsairer.it\/it\/#website","url":"https:\/\/derpsairer.it\/it\/","name":"Der Psairer - Speck, Wurst, K\u00e4se","description":"Speck, Wurst und K\u00e4s aus Passeiertal in S\u00fcdtirol online bestellen.","publisher":{"@id":"https:\/\/derpsairer.it\/it\/#organization"},"potentialAction":[{"@type":"SearchAction","target":{"@type":"EntryPoint","urlTemplate":"https:\/\/derpsairer.it\/it\/?s={search_term_string}"},"query-input":{"@type":"PropertyValueSpecification","valueRequired":true,"valueName":"search_term_string"}}],"inLanguage":"it-IT"},{"@type":"Organization","@id":"https:\/\/derpsairer.it\/it\/#organization","name":"Der Psairer - Speck, Wurst, K\u00e4se","url":"https:\/\/derpsairer.it\/it\/","logo":{"@type":"ImageObject","inLanguage":"it-IT","@id":"https:\/\/derpsairer.it\/it\/#\/schema\/logo\/image\/","url":"https:\/\/derpsairer.it\/wp-22\/wp-content\/uploads\/2020\/03\/DER-PSAIRER-LOGO-2x.png","contentUrl":"https:\/\/derpsairer.it\/wp-22\/wp-content\/uploads\/2020\/03\/DER-PSAIRER-LOGO-2x.png","width":500,"height":500,"caption":"Der Psairer - Speck, Wurst, K\u00e4se"},"image":{"@id":"https:\/\/derpsairer.it\/it\/#\/schema\/logo\/image\/"},"sameAs":["https:\/\/www.facebook.com\/profile.php?id=100063648246860"]}]}},"_links":{"self":[{"href":"https:\/\/derpsairer.it\/it\/wp-json\/wp\/v2\/product\/6659","targetHints":{"allow":["GET"]}}],"collection":[{"href":"https:\/\/derpsairer.it\/it\/wp-json\/wp\/v2\/product"}],"about":[{"href":"https:\/\/derpsairer.it\/it\/wp-json\/wp\/v2\/types\/product"}],"wp:featuredmedia":[{"embeddable":true,"href":"https:\/\/derpsairer.it\/it\/wp-json\/wp\/v2\/media\/6661"}],"wp:attachment":[{"href":"https:\/\/derpsairer.it\/it\/wp-json\/wp\/v2\/media?parent=6659"}],"wp:term":[{"taxonomy":"product_brand","embeddable":true,"href":"https:\/\/derpsairer.it\/it\/wp-json\/wp\/v2\/product_brand?post=6659"},{"taxonomy":"product_cat","embeddable":true,"href":"https:\/\/derpsairer.it\/it\/wp-json\/wp\/v2\/product_cat?post=6659"},{"taxonomy":"product_tag","embeddable":true,"href":"https:\/\/derpsairer.it\/it\/wp-json\/wp\/v2\/product_tag?post=6659"}],"curies":[{"name":"wp","href":"https:\/\/api.w.org\/{rel}","templated":true}]}}